{"id":12843,"date":"2020-02-13T13:55:30","date_gmt":"2020-02-13T11:55:30","guid":{"rendered":"https:\/\/www.elmedanotenerife.es\/red-montana-roja-trail\/"},"modified":"2020-02-13T13:57:22","modified_gmt":"2020-02-13T11:57:22","slug":"montana-roja-trail","status":"publish","type":"page","link":"https:\/\/www.elmedanotenerife.es\/en\/montana-roja-trail\/","title":{"rendered":"Monta\u00f1a Roja Trail"},"content":{"rendered":"\t\t<div data-elementor-type=\"wp-page\" data-elementor-id=\"12843\" class=\"elementor elementor-12843 elementor-12670\" data-elementor-post-type=\"page\">\n\t\t\t\t\t\t<section class=\"elementor-section elementor-top-section elementor-element elementor-element-1d3de7c3 elementor-section-content-middle elementor-section-boxed elementor-section-height-default elementor-section-height-default\" data-id=\"1d3de7c3\" data-element_type=\"section\" data-e-type=\"section\" data-settings=\"{&quot;background_background&quot;:&quot;classic&quot;}\">\n\t\t\t\t\t\t\t<div class=\"elementor-background-overlay\"><\/div>\n\t\t\t\t\t\t\t<div class=\"elementor-container elementor-column-gap-wide\">\n\t\t\t\t\t<div class=\"elementor-column elementor-col-100 elementor-top-column elementor-element elementor-element-535d1912\" data-id=\"535d1912\" data-element_type=\"column\" data-e-type=\"column\">\n\t\t\t<div class=\"elementor-widget-wrap elementor-element-populated\">\n\t\t\t\t\t\t<div class=\"elementor-element elementor-element-76120388 elementor-invisible elementor-widget elementor-widget-heading\" data-id=\"76120388\" data-element_type=\"widget\" data-e-type=\"widget\" data-settings=\"{&quot;_animation&quot;:&quot;fadeIn&quot;,&quot;_animation_delay&quot;:&quot;50&quot;}\" data-widget_type=\"heading.default\">\n\t\t\t\t<div class=\"elementor-widget-container\">\n\t\t\t\t\t<h2 class=\"elementor-heading-title elementor-size-default\">SPECIAL NATURAL RESERVE<\/h2>\t\t\t\t<\/div>\n\t\t\t\t<\/div>\n\t\t\t\t<div class=\"elementor-element elementor-element-96b7038 elementor-invisible elementor-widget elementor-widget-heading\" data-id=\"96b7038\" data-element_type=\"widget\" data-e-type=\"widget\" data-settings=\"{&quot;_animation&quot;:&quot;fadeIn&quot;,&quot;_animation_delay&quot;:&quot;100&quot;}\" data-widget_type=\"heading.default\">\n\t\t\t\t<div class=\"elementor-widget-container\">\n\t\t\t\t\t<h2 class=\"elementor-heading-title elementor-size-default\">El M\u00e9dano Trail - Monta\u00f1a Roja<\/h2>\t\t\t\t<\/div>\n\t\t\t\t<\/div>\n\t\t\t\t<div class=\"elementor-element elementor-element-700633d6 elementor-widget-divider--view-line elementor-invisible elementor-widget elementor-widget-divider\" data-id=\"700633d6\" data-element_type=\"widget\" data-e-type=\"widget\" data-settings=\"{&quot;_animation&quot;:&quot;fadeIn&quot;,&quot;_animation_delay&quot;:&quot;300&quot;}\" data-widget_type=\"divider.default\">\n\t\t\t\t<div class=\"elementor-widget-container\">\n\t\t\t\t\t\t\t<div class=\"elementor-divider\">\n\t\t\t<span class=\"elementor-divider-separator\">\n\t\t\t\t\t\t<\/span>\n\t\t<\/div>\n\t\t\t\t\t\t<\/div>\n\t\t\t\t<\/div>\n\t\t\t\t<div class=\"elementor-element elementor-element-33026a88 elementor-invisible elementor-widget elementor-widget-heading\" data-id=\"33026a88\" data-element_type=\"widget\" data-e-type=\"widget\" data-settings=\"{&quot;_animation&quot;:&quot;fadeIn&quot;,&quot;_animation_delay&quot;:&quot;150&quot;}\" data-widget_type=\"heading.default\">\n\t\t\t\t<div class=\"elementor-widget-container\">\n\t\t\t\t\t<h2 class=\"elementor-heading-title elementor-size-default\">At 171 meters high, the trail to the Monta\u00f1a Roja volcano is perhaps the most\npopular with hikers and nature lovers who visit El M\u00e9dano<\/h2>\t\t\t\t<\/div>\n\t\t\t\t<\/div>\n\t\t\t\t\t<\/div>\n\t\t<\/div>\n\t\t\t\t\t<\/div>\n\t\t<\/section>\n\t\t\t\t<section class=\"elementor-section elementor-top-section elementor-element elementor-element-dd2865a elementor-section-boxed elementor-section-height-default elementor-section-height-default\" data-id=\"dd2865a\" data-element_type=\"section\" data-e-type=\"section\">\n\t\t\t\t\t\t<div class=\"elementor-container elementor-column-gap-default\">\n\t\t\t\t\t<div class=\"elementor-column elementor-col-50 elementor-top-column elementor-element elementor-element-43764ae\" data-id=\"43764ae\" data-element_type=\"column\" data-e-type=\"column\">\n\t\t\t<div class=\"elementor-widget-wrap elementor-element-populated\">\n\t\t\t\t\t\t<div class=\"elementor-element elementor-element-a96b899 elementor-widget elementor-widget-heading\" data-id=\"a96b899\" data-element_type=\"widget\" data-e-type=\"widget\" data-widget_type=\"heading.default\">\n\t\t\t\t<div class=\"elementor-widget-container\">\n\t\t\t\t\t<h2 class=\"elementor-heading-title elementor-size-default\">Basic route information<\/h2>\t\t\t\t<\/div>\n\t\t\t\t<\/div>\n\t\t\t\t<div class=\"elementor-element elementor-element-b49739f elementor-widget elementor-widget-text-editor\" data-id=\"b49739f\" data-element_type=\"widget\" data-e-type=\"widget\" data-widget_type=\"text-editor.default\">\n\t\t\t\t<div class=\"elementor-widget-container\">\n\t\t\t\t\t\t\t\t\t<ul>\n<li>Maximum height: 198m<\/li>\n<li>Distance: 8.2 Kms<\/li>\n<li>Time: 2h 45m<\/li>\n<\/ul>\n<p>This trail starts in the Plaza de El M\u00e9danoin front of the beach, in the direction of the wooden promenade of Nuestra Se\u00f1ora de Las Mercedes de Rojas. In this area we will find ourselves welcoming the traditional letters composing the name ofEl M\u00e9dano <\/p>\n<p>We will enjoy unbeatable views of Leocadio Machado beach to reach the beginning of the Monta\u00f1a RojaNature Reserve. This protected area consists of 167ha of protected land, located in its center the volcanic cone of Monta\u00f1a Roja A pyroclastic volcano 171 meters high.<\/p>\n\t\t\t\t\t\t\t\t<\/div>\n\t\t\t\t<\/div>\n\t\t\t\t<div class=\"elementor-element elementor-element-b03b784 elementor-widget elementor-widget-image\" data-id=\"b03b784\" data-element_type=\"widget\" data-e-type=\"widget\" data-widget_type=\"image.default\">\n\t\t\t\t<div class=\"elementor-widget-container\">\n\t\t\t\t\t\t\t\t\t\t\t\t\t\t\t<img decoding=\"async\" src=\"https:\/\/www.elmedanotenerife.es\/wp-content\/uploads\/2020\/02\/01ec87f56136c58d4021981c56f13ed7.png\" title=\"\" alt=\"\" loading=\"lazy\" \/>\t\t\t\t\t\t\t\t\t\t\t\t\t\t\t<\/div>\n\t\t\t\t<\/div>\n\t\t\t\t\t<\/div>\n\t\t<\/div>\n\t\t\t\t<div class=\"elementor-column elementor-col-50 elementor-top-column elementor-element elementor-element-674301f\" data-id=\"674301f\" data-element_type=\"column\" data-e-type=\"column\">\n\t\t\t<div class=\"elementor-widget-wrap elementor-element-populated\">\n\t\t\t\t\t\t<div class=\"elementor-element elementor-element-88549d6 elementor-widget elementor-widget-image\" data-id=\"88549d6\" data-element_type=\"widget\" data-e-type=\"widget\" data-widget_type=\"image.default\">\n\t\t\t\t<div class=\"elementor-widget-container\">\n\t\t\t\t\t\t\t\t\t\t\t\t\t\t\t<img decoding=\"async\" src=\"https:\/\/www.elmedanotenerife.es\/wp-content\/uploads\/2020\/02\/4aa117c82047f865ee1e732d358032d3-1.png\" title=\"\" alt=\"\" loading=\"lazy\" \/>\t\t\t\t\t\t\t\t\t\t\t\t\t\t\t<\/div>\n\t\t\t\t<\/div>\n\t\t\t\t\t<\/div>\n\t\t<\/div>\n\t\t\t\t\t<\/div>\n\t\t<\/section>\n\t\t\t\t<section class=\"elementor-section elementor-top-section elementor-element elementor-element-75344e8 elementor-section-boxed elementor-section-height-default elementor-section-height-default\" data-id=\"75344e8\" data-element_type=\"section\" data-e-type=\"section\">\n\t\t\t\t\t\t<div class=\"elementor-container elementor-column-gap-default\">\n\t\t\t\t\t<div class=\"elementor-column elementor-col-100 elementor-top-column elementor-element elementor-element-ab9fe6b\" data-id=\"ab9fe6b\" data-element_type=\"column\" data-e-type=\"column\">\n\t\t\t<div class=\"elementor-widget-wrap elementor-element-populated\">\n\t\t\t\t\t\t<div class=\"elementor-element elementor-element-ada608e elementor-arrows-position-inside elementor-pagination-position-outside elementor-widget elementor-widget-image-carousel\" data-id=\"ada608e\" data-element_type=\"widget\" data-e-type=\"widget\" data-settings=\"{&quot;slides_to_show&quot;:&quot;7&quot;,&quot;navigation&quot;:&quot;both&quot;,&quot;autoplay&quot;:&quot;yes&quot;,&quot;pause_on_hover&quot;:&quot;yes&quot;,&quot;pause_on_interaction&quot;:&quot;yes&quot;,&quot;autoplay_speed&quot;:5000,&quot;infinite&quot;:&quot;yes&quot;,&quot;speed&quot;:500}\" data-widget_type=\"image-carousel.default\">\n\t\t\t\t<div class=\"elementor-widget-container\">\n\t\t\t\t\t\t\t<div class=\"elementor-image-carousel-wrapper swiper\" role=\"region\" aria-roledescription=\"carousel\" aria-label=\"Image Carousel\" dir=\"ltr\">\n\t\t\t<div class=\"elementor-image-carousel swiper-wrapper\" aria-live=\"off\">\n\t\t\t\t\t\t\t\t<div class=\"swiper-slide\" role=\"group\" aria-roledescription=\"slide\" aria-label=\"1 of 16\"><a data-elementor-open-lightbox=\"yes\" data-elementor-lightbox-slideshow=\"ada608e\" data-elementor-lightbox-title=\"b257b5a13fec2e74ed0a2d1842414a8c\" data-e-action-hash=\"#elementor-action%3Aaction%3Dlightbox%26settings%3DeyJpZCI6MTE5NDcsInVybCI6Imh0dHBzOlwvXC93d3cuZWxtZWRhbm90ZW5lcmlmZS5lc1wvd3AtY29udGVudFwvdXBsb2Fkc1wvMjAyMFwvMDJcL2IyNTdiNWExM2ZlYzJlNzRlZDBhMmQxODQyNDE0YThjLnBuZyIsInNsaWRlc2hvdyI6ImFkYTYwOGUifQ%3D%3D\" href=\"https:\/\/www.elmedanotenerife.es\/wp-content\/uploads\/2020\/02\/b257b5a13fec2e74ed0a2d1842414a8c.png\"><figure class=\"swiper-slide-inner\"><img decoding=\"async\" class=\"swiper-slide-image\" src=\"https:\/\/www.elmedanotenerife.es\/wp-content\/uploads\/2020\/02\/photo_2020-01-27_07-30-23.jpg\" alt=\"b257b5a13fec2e74ed0a2d1842414a8c\" \/><\/figure><\/a><\/div><div class=\"swiper-slide\" role=\"group\" aria-roledescription=\"slide\" aria-label=\"2 of 16\"><a data-elementor-open-lightbox=\"yes\" data-elementor-lightbox-slideshow=\"ada608e\" data-elementor-lightbox-title=\"4aa117c82047f865ee1e732d358032d3\" data-e-action-hash=\"#elementor-action%3Aaction%3Dlightbox%26settings%3DeyJpZCI6MTE5NDIsInVybCI6Imh0dHBzOlwvXC93d3cuZWxtZWRhbm90ZW5lcmlmZS5lc1wvd3AtY29udGVudFwvdXBsb2Fkc1wvMjAyMFwvMDJcLzRhYTExN2M4MjA0N2Y4NjVlZTFlNzMyZDM1ODAzMmQzLTEucG5nIiwic2xpZGVzaG93IjoiYWRhNjA4ZSJ9\" href=\"https:\/\/www.elmedanotenerife.es\/wp-content\/uploads\/2020\/02\/4aa117c82047f865ee1e732d358032d3-1.png\"><figure class=\"swiper-slide-inner\"><img decoding=\"async\" class=\"swiper-slide-image\" src=\"https:\/\/www.elmedanotenerife.es\/wp-content\/uploads\/2020\/02\/photo_2020-01-27_07-30-40.jpg\" alt=\"4aa117c82047f865ee1e732d358032d3\" \/><\/figure><\/a><\/div><div class=\"swiper-slide\" role=\"group\" aria-roledescription=\"slide\" aria-label=\"3 of 16\"><a data-elementor-open-lightbox=\"yes\" data-elementor-lightbox-slideshow=\"ada608e\" data-elementor-lightbox-title=\"photo_2020-01-27_09-07-17 (4)\" data-e-action-hash=\"#elementor-action%3Aaction%3Dlightbox%26settings%3DeyJpZCI6MTE5MzIsInVybCI6Imh0dHBzOlwvXC93d3cuZWxtZWRhbm90ZW5lcmlmZS5lc1wvd3AtY29udGVudFwvdXBsb2Fkc1wvMjAyMFwvMDJcL3Bob3RvXzIwMjAtMDEtMjdfMDktMDctMTctNC5qcGciLCJzbGlkZXNob3ciOiJhZGE2MDhlIn0%3D\" href=\"https:\/\/www.elmedanotenerife.es\/wp-content\/uploads\/2020\/02\/photo_2020-01-27_09-07-17-4.jpg\"><figure class=\"swiper-slide-inner\"><img decoding=\"async\" class=\"swiper-slide-image\" src=\"https:\/\/www.elmedanotenerife.es\/wp-content\/uploads\/2020\/02\/photo_2020-01-27_09-06-49-2.jpg\" alt=\"photo_2020-01-27_09-07-17 (4)\" \/><\/figure><\/a><\/div><div class=\"swiper-slide\" role=\"group\" aria-roledescription=\"slide\" aria-label=\"4 of 16\"><a data-elementor-open-lightbox=\"yes\" data-elementor-lightbox-slideshow=\"ada608e\" data-elementor-lightbox-title=\"photo_2020-01-27_09-07-17 (3)\" data-e-action-hash=\"#elementor-action%3Aaction%3Dlightbox%26settings%3DeyJpZCI6MTE5MjcsInVybCI6Imh0dHBzOlwvXC93d3cuZWxtZWRhbm90ZW5lcmlmZS5lc1wvd3AtY29udGVudFwvdXBsb2Fkc1wvMjAyMFwvMDJcL3Bob3RvXzIwMjAtMDEtMjdfMDktMDctMTctMy5qcGciLCJzbGlkZXNob3ciOiJhZGE2MDhlIn0%3D\" href=\"https:\/\/www.elmedanotenerife.es\/wp-content\/uploads\/2020\/02\/photo_2020-01-27_09-07-17-3.jpg\"><figure class=\"swiper-slide-inner\"><img decoding=\"async\" class=\"swiper-slide-image\" src=\"https:\/\/www.elmedanotenerife.es\/wp-content\/uploads\/2020\/02\/photo_2020-01-27_09-06-49.jpg\" alt=\"photo_2020-01-27_09-07-17 (3)\" \/><\/figure><\/a><\/div><div class=\"swiper-slide\" role=\"group\" aria-roledescription=\"slide\" aria-label=\"5 of 16\"><a data-elementor-open-lightbox=\"yes\" data-elementor-lightbox-slideshow=\"ada608e\" data-elementor-lightbox-title=\"photo_2020-01-27_09-07-16 (4)\" data-e-action-hash=\"#elementor-action%3Aaction%3Dlightbox%26settings%3DeyJpZCI6MTE5MjIsInVybCI6Imh0dHBzOlwvXC93d3cuZWxtZWRhbm90ZW5lcmlmZS5lc1wvd3AtY29udGVudFwvdXBsb2Fkc1wvMjAyMFwvMDJcL3Bob3RvXzIwMjAtMDEtMjdfMDktMDctMTYtNC5qcGciLCJzbGlkZXNob3ciOiJhZGE2MDhlIn0%3D\" href=\"https:\/\/www.elmedanotenerife.es\/wp-content\/uploads\/2020\/02\/photo_2020-01-27_09-07-16-4.jpg\"><figure class=\"swiper-slide-inner\"><img decoding=\"async\" class=\"swiper-slide-image\" src=\"https:\/\/www.elmedanotenerife.es\/wp-content\/uploads\/2020\/02\/photo_2020-01-27_09-06-50-2.jpg\" alt=\"photo_2020-01-27_09-07-16 (4)\" \/><\/figure><\/a><\/div><div class=\"swiper-slide\" role=\"group\" aria-roledescription=\"slide\" aria-label=\"6 of 16\"><a data-elementor-open-lightbox=\"yes\" data-elementor-lightbox-slideshow=\"ada608e\" data-elementor-lightbox-title=\"photo_2020-01-27_09-07-15 (4)\" data-e-action-hash=\"#elementor-action%3Aaction%3Dlightbox%26settings%3DeyJpZCI6MTE5MTIsInVybCI6Imh0dHBzOlwvXC93d3cuZWxtZWRhbm90ZW5lcmlmZS5lc1wvd3AtY29udGVudFwvdXBsb2Fkc1wvMjAyMFwvMDJcL3Bob3RvXzIwMjAtMDEtMjdfMDktMDctMTUtNC5qcGciLCJzbGlkZXNob3ciOiJhZGE2MDhlIn0%3D\" href=\"https:\/\/www.elmedanotenerife.es\/wp-content\/uploads\/2020\/02\/photo_2020-01-27_09-07-15-4.jpg\"><figure class=\"swiper-slide-inner\"><img decoding=\"async\" class=\"swiper-slide-image\" src=\"https:\/\/www.elmedanotenerife.es\/wp-content\/uploads\/2020\/02\/photo_2020-01-27_09-07-14.jpg\" alt=\"photo_2020-01-27_09-07-15 (4)\" \/><\/figure><\/a><\/div><div class=\"swiper-slide\" role=\"group\" aria-roledescription=\"slide\" aria-label=\"7 of 16\"><a data-elementor-open-lightbox=\"yes\" data-elementor-lightbox-slideshow=\"ada608e\" data-elementor-lightbox-title=\"photo_2020-01-27_09-07-16 (3)\" data-e-action-hash=\"#elementor-action%3Aaction%3Dlightbox%26settings%3DeyJpZCI6MTE5MTcsInVybCI6Imh0dHBzOlwvXC93d3cuZWxtZWRhbm90ZW5lcmlmZS5lc1wvd3AtY29udGVudFwvdXBsb2Fkc1wvMjAyMFwvMDJcL3Bob3RvXzIwMjAtMDEtMjdfMDktMDctMTYtMy5qcGciLCJzbGlkZXNob3ciOiJhZGE2MDhlIn0%3D\" href=\"https:\/\/www.elmedanotenerife.es\/wp-content\/uploads\/2020\/02\/photo_2020-01-27_09-07-16-3.jpg\"><figure class=\"swiper-slide-inner\"><img decoding=\"async\" class=\"swiper-slide-image\" src=\"https:\/\/www.elmedanotenerife.es\/wp-content\/uploads\/2020\/02\/photo_2020-01-27_09-06-50.jpg\" alt=\"photo_2020-01-27_09-07-16 (3)\" \/><\/figure><\/a><\/div><div class=\"swiper-slide\" role=\"group\" aria-roledescription=\"slide\" aria-label=\"8 of 16\"><a data-elementor-open-lightbox=\"yes\" data-elementor-lightbox-slideshow=\"ada608e\" data-elementor-lightbox-title=\"photo_2020-01-27_09-07-21 (2)\" data-e-action-hash=\"#elementor-action%3Aaction%3Dlightbox%26settings%3DeyJpZCI6MTE4NjIsInVybCI6Imh0dHBzOlwvXC93d3cuZWxtZWRhbm90ZW5lcmlmZS5lc1wvd3AtY29udGVudFwvdXBsb2Fkc1wvMjAyMFwvMDJcL3Bob3RvXzIwMjAtMDEtMjdfMDktMDctMjEtMi5qcGciLCJzbGlkZXNob3ciOiJhZGE2MDhlIn0%3D\" href=\"https:\/\/www.elmedanotenerife.es\/wp-content\/uploads\/2020\/02\/photo_2020-01-27_09-07-21-2.jpg\"><figure class=\"swiper-slide-inner\"><img decoding=\"async\" class=\"swiper-slide-image\" src=\"https:\/\/www.elmedanotenerife.es\/wp-content\/uploads\/2020\/02\/photo_2020-01-27_09-07-22.jpg\" alt=\"photo_2020-01-27_09-07-21 (2)\" \/><\/figure><\/a><\/div><div class=\"swiper-slide\" role=\"group\" aria-roledescription=\"slide\" aria-label=\"9 of 16\"><a data-elementor-open-lightbox=\"yes\" data-elementor-lightbox-slideshow=\"ada608e\" data-elementor-lightbox-title=\"photo_2020-01-27_09-07-21 (3)\" data-e-action-hash=\"#elementor-action%3Aaction%3Dlightbox%26settings%3DeyJpZCI6MTE4NjcsInVybCI6Imh0dHBzOlwvXC93d3cuZWxtZWRhbm90ZW5lcmlmZS5lc1wvd3AtY29udGVudFwvdXBsb2Fkc1wvMjAyMFwvMDJcL3Bob3RvXzIwMjAtMDEtMjdfMDktMDctMjEtMy5qcGciLCJzbGlkZXNob3ciOiJhZGE2MDhlIn0%3D\" href=\"https:\/\/www.elmedanotenerife.es\/wp-content\/uploads\/2020\/02\/photo_2020-01-27_09-07-21-3.jpg\"><figure class=\"swiper-slide-inner\"><img decoding=\"async\" class=\"swiper-slide-image\" src=\"https:\/\/www.elmedanotenerife.es\/wp-content\/uploads\/2020\/02\/photo_2020-01-27_09-07-21.jpg\" alt=\"photo_2020-01-27_09-07-21 (3)\" \/><\/figure><\/a><\/div><div class=\"swiper-slide\" role=\"group\" aria-roledescription=\"slide\" aria-label=\"10 of 16\"><a data-elementor-open-lightbox=\"yes\" data-elementor-lightbox-slideshow=\"ada608e\" data-elementor-lightbox-title=\"photo_2020-01-27_09-07-21\" data-e-action-hash=\"#elementor-action%3Aaction%3Dlightbox%26settings%3DeyJpZCI6MTE4NzIsInVybCI6Imh0dHBzOlwvXC93d3cuZWxtZWRhbm90ZW5lcmlmZS5lc1wvd3AtY29udGVudFwvdXBsb2Fkc1wvMjAyMFwvMDJcL3Bob3RvXzIwMjAtMDEtMjdfMDktMDctMjEuanBnIiwic2xpZGVzaG93IjoiYWRhNjA4ZSJ9\" href=\"https:\/\/www.elmedanotenerife.es\/wp-content\/uploads\/2020\/02\/photo_2020-01-27_09-07-21.jpg\"><figure class=\"swiper-slide-inner\"><img decoding=\"async\" class=\"swiper-slide-image\" src=\"https:\/\/www.elmedanotenerife.es\/wp-content\/uploads\/2020\/02\/photo_2020-01-27_09-07-21-3.jpg\" alt=\"photo_2020-01-27_09-07-21\" \/><\/figure><\/a><\/div><div class=\"swiper-slide\" role=\"group\" aria-roledescription=\"slide\" aria-label=\"11 of 16\"><a data-elementor-open-lightbox=\"yes\" data-elementor-lightbox-slideshow=\"ada608e\" data-elementor-lightbox-title=\"photo_2020-01-27_09-07-22\" data-e-action-hash=\"#elementor-action%3Aaction%3Dlightbox%26settings%3DeyJpZCI6MTE4NzcsInVybCI6Imh0dHBzOlwvXC93d3cuZWxtZWRhbm90ZW5lcmlmZS5lc1wvd3AtY29udGVudFwvdXBsb2Fkc1wvMjAyMFwvMDJcL3Bob3RvXzIwMjAtMDEtMjdfMDktMDctMjIuanBnIiwic2xpZGVzaG93IjoiYWRhNjA4ZSJ9\" href=\"https:\/\/www.elmedanotenerife.es\/wp-content\/uploads\/2020\/02\/photo_2020-01-27_09-07-22.jpg\"><figure class=\"swiper-slide-inner\"><img decoding=\"async\" class=\"swiper-slide-image\" src=\"https:\/\/www.elmedanotenerife.es\/wp-content\/uploads\/2020\/02\/photo_2020-01-27_09-07-21-2.jpg\" alt=\"photo_2020-01-27_09-07-22\" \/><\/figure><\/a><\/div><div class=\"swiper-slide\" role=\"group\" aria-roledescription=\"slide\" aria-label=\"12 of 16\"><a data-elementor-open-lightbox=\"yes\" data-elementor-lightbox-slideshow=\"ada608e\" data-elementor-lightbox-title=\"4aca9a7ef7ed87d75e8fec4a22ad4202\" data-e-action-hash=\"#elementor-action%3Aaction%3Dlightbox%26settings%3DeyJpZCI6MTE4ODcsInVybCI6Imh0dHBzOlwvXC93d3cuZWxtZWRhbm90ZW5lcmlmZS5lc1wvd3AtY29udGVudFwvdXBsb2Fkc1wvMjAyMFwvMDJcLzRhY2E5YTdlZjdlZDg3ZDc1ZThmZWM0YTIyYWQ0MjAyLnBuZyIsInNsaWRlc2hvdyI6ImFkYTYwOGUifQ%3D%3D\" href=\"https:\/\/www.elmedanotenerife.es\/wp-content\/uploads\/2020\/02\/4aca9a7ef7ed87d75e8fec4a22ad4202.png\"><figure class=\"swiper-slide-inner\"><img decoding=\"async\" class=\"swiper-slide-image\" src=\"https:\/\/www.elmedanotenerife.es\/wp-content\/uploads\/2020\/02\/photo_2020-01-27_09-07-17.jpg\" alt=\"4aca9a7ef7ed87d75e8fec4a22ad4202\" \/><\/figure><\/a><\/div><div class=\"swiper-slide\" role=\"group\" aria-roledescription=\"slide\" aria-label=\"13 of 16\"><a data-elementor-open-lightbox=\"yes\" data-elementor-lightbox-slideshow=\"ada608e\" data-elementor-lightbox-title=\"hmnopedro\" data-e-action-hash=\"#elementor-action%3Aaction%3Dlightbox%26settings%3DeyJpZCI6MTE4OTIsInVybCI6Imh0dHBzOlwvXC93d3cuZWxtZWRhbm90ZW5lcmlmZS5lc1wvd3AtY29udGVudFwvdXBsb2Fkc1wvMjAyMFwvMDJcL2htbm9wZWRyby5wbmciLCJzbGlkZXNob3ciOiJhZGE2MDhlIn0%3D\" href=\"https:\/\/www.elmedanotenerife.es\/wp-content\/uploads\/2020\/02\/hmnopedro.png\"><figure class=\"swiper-slide-inner\"><img decoding=\"async\" class=\"swiper-slide-image\" src=\"https:\/\/www.elmedanotenerife.es\/wp-content\/uploads\/2020\/02\/photo_2020-01-27_09-07-17-2.jpg\" alt=\"hmnopedro\" \/><\/figure><\/a><\/div><div class=\"swiper-slide\" role=\"group\" aria-roledescription=\"slide\" aria-label=\"14 of 16\"><a data-elementor-open-lightbox=\"yes\" data-elementor-lightbox-slideshow=\"ada608e\" data-elementor-lightbox-title=\"e94da1c5631238390e32500f062760de\" data-e-action-hash=\"#elementor-action%3Aaction%3Dlightbox%26settings%3DeyJpZCI6MTE4OTcsInVybCI6Imh0dHBzOlwvXC93d3cuZWxtZWRhbm90ZW5lcmlmZS5lc1wvd3AtY29udGVudFwvdXBsb2Fkc1wvMjAyMFwvMDJcL2U5NGRhMWM1NjMxMjM4MzkwZTMyNTAwZjA2Mjc2MGRlLnBuZyIsInNsaWRlc2hvdyI6ImFkYTYwOGUifQ%3D%3D\" href=\"https:\/\/www.elmedanotenerife.es\/wp-content\/uploads\/2020\/02\/e94da1c5631238390e32500f062760de.png\"><figure class=\"swiper-slide-inner\"><img decoding=\"async\" class=\"swiper-slide-image\" src=\"https:\/\/www.elmedanotenerife.es\/wp-content\/uploads\/2020\/02\/photo_2020-01-27_09-07-16.jpg\" alt=\"e94da1c5631238390e32500f062760de\" \/><\/figure><\/a><\/div><div class=\"swiper-slide\" role=\"group\" aria-roledescription=\"slide\" aria-label=\"15 of 16\"><a data-elementor-open-lightbox=\"yes\" data-elementor-lightbox-slideshow=\"ada608e\" data-elementor-lightbox-title=\"photo_2020-01-27_09-07-15 (2)\" data-e-action-hash=\"#elementor-action%3Aaction%3Dlightbox%26settings%3DeyJpZCI6MTE5MDIsInVybCI6Imh0dHBzOlwvXC93d3cuZWxtZWRhbm90ZW5lcmlmZS5lc1wvd3AtY29udGVudFwvdXBsb2Fkc1wvMjAyMFwvMDJcL3Bob3RvXzIwMjAtMDEtMjdfMDktMDctMTUtMi5qcGciLCJzbGlkZXNob3ciOiJhZGE2MDhlIn0%3D\" href=\"https:\/\/www.elmedanotenerife.es\/wp-content\/uploads\/2020\/02\/photo_2020-01-27_09-07-15-2.jpg\"><figure class=\"swiper-slide-inner\"><img decoding=\"async\" class=\"swiper-slide-image\" src=\"https:\/\/www.elmedanotenerife.es\/wp-content\/uploads\/2020\/02\/photo_2020-01-27_09-07-16-2.jpg\" alt=\"photo_2020-01-27_09-07-15 (2)\" \/><\/figure><\/a><\/div><div class=\"swiper-slide\" role=\"group\" aria-roledescription=\"slide\" aria-label=\"16 of 16\"><a data-elementor-open-lightbox=\"yes\" data-elementor-lightbox-slideshow=\"ada608e\" data-elementor-lightbox-title=\"photo_2020-01-27_09-07-15 (3)\" data-e-action-hash=\"#elementor-action%3Aaction%3Dlightbox%26settings%3DeyJpZCI6MTE5MDcsInVybCI6Imh0dHBzOlwvXC93d3cuZWxtZWRhbm90ZW5lcmlmZS5lc1wvd3AtY29udGVudFwvdXBsb2Fkc1wvMjAyMFwvMDJcL3Bob3RvXzIwMjAtMDEtMjdfMDktMDctMTUtMy5qcGciLCJzbGlkZXNob3ciOiJhZGE2MDhlIn0%3D\" href=\"https:\/\/www.elmedanotenerife.es\/wp-content\/uploads\/2020\/02\/photo_2020-01-27_09-07-15-3.jpg\"><figure class=\"swiper-slide-inner\"><img decoding=\"async\" class=\"swiper-slide-image\" src=\"https:\/\/www.elmedanotenerife.es\/wp-content\/uploads\/2020\/02\/photo_2020-01-27_09-07-15.jpg\" alt=\"photo_2020-01-27_09-07-15 (3)\" \/><\/figure><\/a><\/div>\t\t\t<\/div>\n\t\t\t\t\t\t\t\t\t\t\t\t<div class=\"elementor-swiper-button elementor-swiper-button-prev\" role=\"button\" tabindex=\"0\">\n\t\t\t\t\t\t<i aria-hidden=\"true\" class=\"eicon-chevron-left\"><\/i>\t\t\t\t\t<\/div>\n\t\t\t\t\t<div class=\"elementor-swiper-button elementor-swiper-button-next\" role=\"button\" tabindex=\"0\">\n\t\t\t\t\t\t<i aria-hidden=\"true\" class=\"eicon-chevron-right\"><\/i>\t\t\t\t\t<\/div>\n\t\t\t\t\n\t\t\t\t\t\t\t\t\t<div class=\"swiper-pagination\"><\/div>\n\t\t\t\t\t\t\t\t\t<\/div>\n\t\t\t\t\t\t<\/div>\n\t\t\t\t<\/div>\n\t\t\t\t<div class=\"elementor-element elementor-element-9817d96 elementor-widget elementor-widget-text-editor\" data-id=\"9817d96\" data-element_type=\"widget\" data-e-type=\"widget\" data-widget_type=\"text-editor.default\">\n\t\t\t\t<div class=\"elementor-widget-container\">\n\t\t\t\t\t\t\t\t\t<p>We will find a dune sector at the base of special interest. <br \/>In the Llano de Rojas is located a clear vestige of an airstrip for airplanes (private airfield), in which there is still a small control tower.<\/p>\n<p>Seven ancient bunkers that, as a defense against any threat of invasion by the Allies during World War II, still remain in this space.<\/p>\n\t\t\t\t\t\t\t\t<\/div>\n\t\t\t\t<\/div>\n\t\t\t\t\t<\/div>\n\t\t<\/div>\n\t\t\t\t\t<\/div>\n\t\t<\/section>\n\t\t\t\t<\/div>\n\t\t","protected":false},"excerpt":{"rendered":"<p>SPECIAL NATURAL RESERVE El M\u00e9dano Trail &#8211; Monta\u00f1a Roja At 171 meters high, the trail to the Monta\u00f1a Roja volcano&hellip;<\/p>\n","protected":false},"author":1,"featured_media":0,"parent":0,"menu_order":0,"comment_status":"closed","ping_status":"closed","template":"elementor_header_footer","meta":{"_bbp_topic_count":0,"_bbp_reply_count":0,"_bbp_total_topic_count":0,"_bbp_total_reply_count":0,"_bbp_voice_count":0,"_bbp_anonymous_reply_count":0,"_bbp_topic_count_hidden":0,"_bbp_reply_count_hidden":0,"_bbp_forum_subforum_count":0,"footnotes":""},"class_list":["post-12843","page","type-page","status-publish","hentry"],"yoast_head":"<!-- This site is optimized with the Yoast SEO plugin v27.5 - https:\/\/yoast.com\/product\/yoast-seo-wordpress\/ -->\n<title>Monta\u00f1a Roja Trail - El M\u00e9dano Tenerife<\/title>\n<meta name=\"robots\" content=\"index, follow, max-snippet:-1, max-image-preview:large, max-video-preview:-1\" \/>\n<link rel=\"canonical\" href=\"https:\/\/www.elmedanotenerife.es\/en\/montana-roja-trail\/\" \/>\n<meta property=\"og:locale\" content=\"en_US\" \/>\n<meta property=\"og:type\" content=\"article\" \/>\n<meta property=\"og:title\" content=\"Monta\u00f1a Roja Trail - El M\u00e9dano Tenerife\" \/>\n<meta property=\"og:description\" content=\"SPECIAL NATURAL RESERVE El M\u00e9dano Trail &#8211; Monta\u00f1a Roja At 171 meters high, the trail to the Monta\u00f1a Roja volcano&hellip;\" \/>\n<meta property=\"og:url\" content=\"https:\/\/www.elmedanotenerife.es\/en\/montana-roja-trail\/\" \/>\n<meta property=\"og:site_name\" content=\"El M\u00e9dano Tenerife\" \/>\n<meta property=\"article:modified_time\" content=\"2020-02-13T11:57:22+00:00\" \/>\n<meta property=\"og:image\" content=\"https:\/\/www.elmedanotenerife.es\/wp-content\/uploads\/2020\/02\/01ec87f56136c58d4021981c56f13ed7.png\" \/>\n<meta name=\"twitter:card\" content=\"summary_large_image\" \/>\n<meta name=\"twitter:label1\" content=\"Est. reading time\" \/>\n\t<meta name=\"twitter:data1\" content=\"1 minute\" \/>\n<script type=\"application\/ld+json\" class=\"yoast-schema-graph\">{\"@context\":\"https:\\\/\\\/schema.org\",\"@graph\":[{\"@type\":\"WebPage\",\"@id\":\"https:\\\/\\\/www.elmedanotenerife.es\\\/en\\\/montana-roja-trail\\\/\",\"url\":\"https:\\\/\\\/www.elmedanotenerife.es\\\/en\\\/montana-roja-trail\\\/\",\"name\":\"Monta\u00f1a Roja Trail - El M\u00e9dano Tenerife\",\"isPartOf\":{\"@id\":\"https:\\\/\\\/www.elmedanotenerife.es\\\/en\\\/#website\"},\"primaryImageOfPage\":{\"@id\":\"https:\\\/\\\/www.elmedanotenerife.es\\\/en\\\/montana-roja-trail\\\/#primaryimage\"},\"image\":{\"@id\":\"https:\\\/\\\/www.elmedanotenerife.es\\\/en\\\/montana-roja-trail\\\/#primaryimage\"},\"thumbnailUrl\":\"https:\\\/\\\/www.elmedanotenerife.es\\\/wp-content\\\/uploads\\\/2020\\\/02\\\/01ec87f56136c58d4021981c56f13ed7.png\",\"datePublished\":\"2020-02-13T11:55:30+00:00\",\"dateModified\":\"2020-02-13T11:57:22+00:00\",\"breadcrumb\":{\"@id\":\"https:\\\/\\\/www.elmedanotenerife.es\\\/en\\\/montana-roja-trail\\\/#breadcrumb\"},\"inLanguage\":\"en-US\",\"potentialAction\":[{\"@type\":\"ReadAction\",\"target\":[\"https:\\\/\\\/www.elmedanotenerife.es\\\/en\\\/montana-roja-trail\\\/\"]}]},{\"@type\":\"ImageObject\",\"inLanguage\":\"en-US\",\"@id\":\"https:\\\/\\\/www.elmedanotenerife.es\\\/en\\\/montana-roja-trail\\\/#primaryimage\",\"url\":\"https:\\\/\\\/www.elmedanotenerife.es\\\/wp-content\\\/uploads\\\/2020\\\/02\\\/01ec87f56136c58d4021981c56f13ed7.png\",\"contentUrl\":\"https:\\\/\\\/www.elmedanotenerife.es\\\/wp-content\\\/uploads\\\/2020\\\/02\\\/01ec87f56136c58d4021981c56f13ed7.png\"},{\"@type\":\"BreadcrumbList\",\"@id\":\"https:\\\/\\\/www.elmedanotenerife.es\\\/en\\\/montana-roja-trail\\\/#breadcrumb\",\"itemListElement\":[{\"@type\":\"ListItem\",\"position\":1,\"name\":\"Portada\",\"item\":\"https:\\\/\\\/www.elmedanotenerife.es\\\/en\\\/\"},{\"@type\":\"ListItem\",\"position\":2,\"name\":\"Monta\u00f1a Roja Trail\"}]},{\"@type\":\"WebSite\",\"@id\":\"https:\\\/\\\/www.elmedanotenerife.es\\\/en\\\/#website\",\"url\":\"https:\\\/\\\/www.elmedanotenerife.es\\\/en\\\/\",\"name\":\"El M\u00e9dano Tenerife\",\"description\":\"\",\"potentialAction\":[{\"@type\":\"SearchAction\",\"target\":{\"@type\":\"EntryPoint\",\"urlTemplate\":\"https:\\\/\\\/www.elmedanotenerife.es\\\/en\\\/?s={search_term_string}\"},\"query-input\":{\"@type\":\"PropertyValueSpecification\",\"valueRequired\":true,\"valueName\":\"search_term_string\"}}],\"inLanguage\":\"en-US\"}]}<\/script>\n<!-- \/ Yoast SEO plugin. -->","yoast_head_json":{"title":"Monta\u00f1a Roja Trail - El M\u00e9dano Tenerife","robots":{"index":"index","follow":"follow","max-snippet":"max-snippet:-1","max-image-preview":"max-image-preview:large","max-video-preview":"max-video-preview:-1"},"canonical":"https:\/\/www.elmedanotenerife.es\/en\/montana-roja-trail\/","og_locale":"en_US","og_type":"article","og_title":"Monta\u00f1a Roja Trail - El M\u00e9dano Tenerife","og_description":"SPECIAL NATURAL RESERVE El M\u00e9dano Trail &#8211; Monta\u00f1a Roja At 171 meters high, the trail to the Monta\u00f1a Roja volcano&hellip;","og_url":"https:\/\/www.elmedanotenerife.es\/en\/montana-roja-trail\/","og_site_name":"El M\u00e9dano Tenerife","article_modified_time":"2020-02-13T11:57:22+00:00","og_image":[{"url":"https:\/\/www.elmedanotenerife.es\/wp-content\/uploads\/2020\/02\/01ec87f56136c58d4021981c56f13ed7.png","type":"","width":"","height":""}],"twitter_card":"summary_large_image","twitter_misc":{"Est. reading time":"1 minute"},"schema":{"@context":"https:\/\/schema.org","@graph":[{"@type":"WebPage","@id":"https:\/\/www.elmedanotenerife.es\/en\/montana-roja-trail\/","url":"https:\/\/www.elmedanotenerife.es\/en\/montana-roja-trail\/","name":"Monta\u00f1a Roja Trail - El M\u00e9dano Tenerife","isPartOf":{"@id":"https:\/\/www.elmedanotenerife.es\/en\/#website"},"primaryImageOfPage":{"@id":"https:\/\/www.elmedanotenerife.es\/en\/montana-roja-trail\/#primaryimage"},"image":{"@id":"https:\/\/www.elmedanotenerife.es\/en\/montana-roja-trail\/#primaryimage"},"thumbnailUrl":"https:\/\/www.elmedanotenerife.es\/wp-content\/uploads\/2020\/02\/01ec87f56136c58d4021981c56f13ed7.png","datePublished":"2020-02-13T11:55:30+00:00","dateModified":"2020-02-13T11:57:22+00:00","breadcrumb":{"@id":"https:\/\/www.elmedanotenerife.es\/en\/montana-roja-trail\/#breadcrumb"},"inLanguage":"en-US","potentialAction":[{"@type":"ReadAction","target":["https:\/\/www.elmedanotenerife.es\/en\/montana-roja-trail\/"]}]},{"@type":"ImageObject","inLanguage":"en-US","@id":"https:\/\/www.elmedanotenerife.es\/en\/montana-roja-trail\/#primaryimage","url":"https:\/\/www.elmedanotenerife.es\/wp-content\/uploads\/2020\/02\/01ec87f56136c58d4021981c56f13ed7.png","contentUrl":"https:\/\/www.elmedanotenerife.es\/wp-content\/uploads\/2020\/02\/01ec87f56136c58d4021981c56f13ed7.png"},{"@type":"BreadcrumbList","@id":"https:\/\/www.elmedanotenerife.es\/en\/montana-roja-trail\/#breadcrumb","itemListElement":[{"@type":"ListItem","position":1,"name":"Portada","item":"https:\/\/www.elmedanotenerife.es\/en\/"},{"@type":"ListItem","position":2,"name":"Monta\u00f1a Roja Trail"}]},{"@type":"WebSite","@id":"https:\/\/www.elmedanotenerife.es\/en\/#website","url":"https:\/\/www.elmedanotenerife.es\/en\/","name":"El M\u00e9dano Tenerife","description":"","potentialAction":[{"@type":"SearchAction","target":{"@type":"EntryPoint","urlTemplate":"https:\/\/www.elmedanotenerife.es\/en\/?s={search_term_string}"},"query-input":{"@type":"PropertyValueSpecification","valueRequired":true,"valueName":"search_term_string"}}],"inLanguage":"en-US"}]}},"post_mailing_queue_ids":[],"_links":{"self":[{"href":"https:\/\/www.elmedanotenerife.es\/en\/wp-json\/wp\/v2\/pages\/12843","targetHints":{"allow":["GET"]}}],"collection":[{"href":"https:\/\/www.elmedanotenerife.es\/en\/wp-json\/wp\/v2\/pages"}],"about":[{"href":"https:\/\/www.elmedanotenerife.es\/en\/wp-json\/wp\/v2\/types\/page"}],"author":[{"embeddable":true,"href":"https:\/\/www.elmedanotenerife.es\/en\/wp-json\/wp\/v2\/users\/1"}],"replies":[{"embeddable":true,"href":"https:\/\/www.elmedanotenerife.es\/en\/wp-json\/wp\/v2\/comments?post=12843"}],"version-history":[{"count":4,"href":"https:\/\/www.elmedanotenerife.es\/en\/wp-json\/wp\/v2\/pages\/12843\/revisions"}],"predecessor-version":[{"id":12849,"href":"https:\/\/www.elmedanotenerife.es\/en\/wp-json\/wp\/v2\/pages\/12843\/revisions\/12849"}],"wp:attachment":[{"href":"https:\/\/www.elmedanotenerife.es\/en\/wp-json\/wp\/v2\/media?parent=12843"}],"curies":[{"name":"wp","href":"https:\/\/api.w.org\/{rel}","templated":true}]}}