{"id":12790,"date":"2020-02-13T13:36:45","date_gmt":"2020-02-13T11:36:45","guid":{"rendered":"https:\/\/www.elmedanotenerife.es\/montana-pelada\/"},"modified":"2020-02-13T13:36:48","modified_gmt":"2020-02-13T11:36:48","slug":"montana-pelada","status":"publish","type":"page","link":"https:\/\/www.elmedanotenerife.es\/it\/montana-pelada\/","title":{"rendered":"Monta\u00f1a Pelada"},"content":{"rendered":"\t\t<div data-elementor-type=\"wp-page\" data-elementor-id=\"12790\" class=\"elementor elementor-12790 elementor-12688\" data-elementor-post-type=\"page\">\n\t\t\t\t\t\t<section class=\"elementor-section elementor-top-section elementor-element elementor-element-1d3de7c3 elementor-section-content-middle elementor-section-boxed elementor-section-height-default elementor-section-height-default\" data-id=\"1d3de7c3\" data-element_type=\"section\" data-e-type=\"section\" data-settings=\"{&quot;background_background&quot;:&quot;classic&quot;}\">\n\t\t\t\t\t\t\t<div class=\"elementor-background-overlay\"><\/div>\n\t\t\t\t\t\t\t<div class=\"elementor-container elementor-column-gap-wide\">\n\t\t\t\t\t<div class=\"elementor-column elementor-col-100 elementor-top-column elementor-element elementor-element-535d1912\" data-id=\"535d1912\" data-element_type=\"column\" data-e-type=\"column\">\n\t\t\t<div class=\"elementor-widget-wrap elementor-element-populated\">\n\t\t\t\t\t\t<div class=\"elementor-element elementor-element-76120388 elementor-invisible elementor-widget elementor-widget-heading\" data-id=\"76120388\" data-element_type=\"widget\" data-e-type=\"widget\" data-settings=\"{&quot;_animation&quot;:&quot;fadeIn&quot;,&quot;_animation_delay&quot;:&quot;50&quot;}\" data-widget_type=\"heading.default\">\n\t\t\t\t<div class=\"elementor-widget-container\">\n\t\t\t\t\t<h2 class=\"elementor-heading-title elementor-size-default\">Itinerario da Arenas del Mar, a Playa del Medio.<\/h2>\t\t\t\t<\/div>\n\t\t\t\t<\/div>\n\t\t\t\t<div class=\"elementor-element elementor-element-96b7038 elementor-invisible elementor-widget elementor-widget-heading\" data-id=\"96b7038\" data-element_type=\"widget\" data-e-type=\"widget\" data-settings=\"{&quot;_animation&quot;:&quot;fadeIn&quot;,&quot;_animation_delay&quot;:&quot;100&quot;}\" data-widget_type=\"heading.default\">\n\t\t\t\t<div class=\"elementor-widget-container\">\n\t\t\t\t\t<h2 class=\"elementor-heading-title elementor-size-default\">Monta\u00f1a Pelada<\/h2>\t\t\t\t<\/div>\n\t\t\t\t<\/div>\n\t\t\t\t<div class=\"elementor-element elementor-element-700633d6 elementor-widget-divider--view-line elementor-invisible elementor-widget elementor-widget-divider\" data-id=\"700633d6\" data-element_type=\"widget\" data-e-type=\"widget\" data-settings=\"{&quot;_animation&quot;:&quot;fadeIn&quot;,&quot;_animation_delay&quot;:&quot;300&quot;}\" data-widget_type=\"divider.default\">\n\t\t\t\t<div class=\"elementor-widget-container\">\n\t\t\t\t\t\t\t<div class=\"elementor-divider\">\n\t\t\t<span class=\"elementor-divider-separator\">\n\t\t\t\t\t\t<\/span>\n\t\t<\/div>\n\t\t\t\t\t\t<\/div>\n\t\t\t\t<\/div>\n\t\t\t\t<div class=\"elementor-element elementor-element-33026a88 elementor-invisible elementor-widget elementor-widget-heading\" data-id=\"33026a88\" data-element_type=\"widget\" data-e-type=\"widget\" data-settings=\"{&quot;_animation&quot;:&quot;fadeIn&quot;,&quot;_animation_delay&quot;:&quot;150&quot;}\" data-widget_type=\"heading.default\">\n\t\t\t\t<div class=\"elementor-widget-container\">\n\t\t\t\t\t<h2 class=\"elementor-heading-title elementor-size-default\">Percorso di media difficolt\u00e0, per l'altezza e la difficolt\u00e0 di passaggio, ma gode di una vista eccellente e visite ad alcune spiagge sconosciute \nper la maggior parte della popolazione, come Playa del VidrioPlaya Delada, Playa Pelada e Playa del Medio.<\/h2>\t\t\t\t<\/div>\n\t\t\t\t<\/div>\n\t\t\t\t\t<\/div>\n\t\t<\/div>\n\t\t\t\t\t<\/div>\n\t\t<\/section>\n\t\t\t\t<section class=\"elementor-section elementor-top-section elementor-element elementor-element-dd2865a elementor-section-boxed elementor-section-height-default elementor-section-height-default\" data-id=\"dd2865a\" data-element_type=\"section\" data-e-type=\"section\">\n\t\t\t\t\t\t<div class=\"elementor-container elementor-column-gap-default\">\n\t\t\t\t\t<div class=\"elementor-column elementor-col-50 elementor-top-column elementor-element elementor-element-43764ae\" data-id=\"43764ae\" data-element_type=\"column\" data-e-type=\"column\">\n\t\t\t<div class=\"elementor-widget-wrap elementor-element-populated\">\n\t\t\t\t\t\t<div class=\"elementor-element elementor-element-a96b899 elementor-widget elementor-widget-heading\" data-id=\"a96b899\" data-element_type=\"widget\" data-e-type=\"widget\" data-widget_type=\"heading.default\">\n\t\t\t\t<div class=\"elementor-widget-container\">\n\t\t\t\t\t<h2 class=\"elementor-heading-title elementor-size-default\">Informazioni di base sul percorso<\/h2>\t\t\t\t<\/div>\n\t\t\t\t<\/div>\n\t\t\t\t<div class=\"elementor-element elementor-element-b49739f elementor-widget elementor-widget-text-editor\" data-id=\"b49739f\" data-element_type=\"widget\" data-e-type=\"widget\" data-widget_type=\"text-editor.default\">\n\t\t\t\t<div class=\"elementor-widget-container\">\n\t\t\t\t\t\t\t\t\t<ul>\n<li>Altezza massima: 156m <\/li>\n<li>Distanza: 10 Kms<\/li>\n<li>Tempo: 3h<\/li>\n<\/ul>\n<p>Il percorso inizia in Arenas del Mar, nei parcheggi, e inizia il percorso entrando nel burrone fino a raggiungere il punto di vista. Il sentiero continua a salire e confinare con Monta\u00f1a Pelada fino a quando non iniziamo a vedere la Wind Farm dove continueremo ad abbassare la cresta fino a raggiungere una bella baia sabbiosa. <\/p>\n\t\t\t\t\t\t\t\t<\/div>\n\t\t\t\t<\/div>\n\t\t\t\t<div class=\"elementor-element elementor-element-b03b784 elementor-widget elementor-widget-image\" data-id=\"b03b784\" data-element_type=\"widget\" data-e-type=\"widget\" data-widget_type=\"image.default\">\n\t\t\t\t<div class=\"elementor-widget-container\">\n\t\t\t\t\t\t\t\t\t\t\t\t\t\t\t<img decoding=\"async\" src=\"https:\/\/www.elmedanotenerife.es\/wp-content\/uploads\/2020\/02\/eef77ba7c0a33870b054a81f16a5c6e5.png\" title=\"\" alt=\"\" loading=\"lazy\" \/>\t\t\t\t\t\t\t\t\t\t\t\t\t\t\t<\/div>\n\t\t\t\t<\/div>\n\t\t\t\t\t<\/div>\n\t\t<\/div>\n\t\t\t\t<div class=\"elementor-column elementor-col-50 elementor-top-column elementor-element elementor-element-674301f\" data-id=\"674301f\" data-element_type=\"column\" data-e-type=\"column\">\n\t\t\t<div class=\"elementor-widget-wrap elementor-element-populated\">\n\t\t\t\t\t\t<div class=\"elementor-element elementor-element-88549d6 elementor-widget elementor-widget-image\" data-id=\"88549d6\" data-element_type=\"widget\" data-e-type=\"widget\" data-widget_type=\"image.default\">\n\t\t\t\t<div class=\"elementor-widget-container\">\n\t\t\t\t\t\t\t\t\t\t\t\t\t\t\t<img decoding=\"async\" src=\"https:\/\/www.elmedanotenerife.es\/wp-content\/uploads\/2020\/02\/b257b5a13fec2e74ed0a2d1842414a8c.png\" title=\"\" alt=\"\" loading=\"lazy\" \/>\t\t\t\t\t\t\t\t\t\t\t\t\t\t\t<\/div>\n\t\t\t\t<\/div>\n\t\t\t\t\t<\/div>\n\t\t<\/div>\n\t\t\t\t\t<\/div>\n\t\t<\/section>\n\t\t\t\t<section class=\"elementor-section elementor-top-section elementor-element elementor-element-75344e8 elementor-section-boxed elementor-section-height-default elementor-section-height-default\" data-id=\"75344e8\" data-element_type=\"section\" data-e-type=\"section\">\n\t\t\t\t\t\t<div class=\"elementor-container elementor-column-gap-default\">\n\t\t\t\t\t<div class=\"elementor-column elementor-col-100 elementor-top-column elementor-element elementor-element-ab9fe6b\" data-id=\"ab9fe6b\" data-element_type=\"column\" data-e-type=\"column\">\n\t\t\t<div class=\"elementor-widget-wrap elementor-element-populated\">\n\t\t\t\t\t\t<div class=\"elementor-element elementor-element-ada608e elementor-arrows-position-inside elementor-pagination-position-outside elementor-widget elementor-widget-image-carousel\" data-id=\"ada608e\" data-element_type=\"widget\" data-e-type=\"widget\" data-settings=\"{&quot;slides_to_show&quot;:&quot;7&quot;,&quot;navigation&quot;:&quot;both&quot;,&quot;autoplay&quot;:&quot;yes&quot;,&quot;pause_on_hover&quot;:&quot;yes&quot;,&quot;pause_on_interaction&quot;:&quot;yes&quot;,&quot;autoplay_speed&quot;:5000,&quot;infinite&quot;:&quot;yes&quot;,&quot;speed&quot;:500}\" data-widget_type=\"image-carousel.default\">\n\t\t\t\t<div class=\"elementor-widget-container\">\n\t\t\t\t\t\t\t<div class=\"elementor-image-carousel-wrapper swiper\" role=\"region\" aria-roledescription=\"carousel\" aria-label=\"Carosello d&#039;immagini\" dir=\"ltr\">\n\t\t\t<div class=\"elementor-image-carousel swiper-wrapper\" aria-live=\"off\">\n\t\t\t\t\t\t\t\t<div class=\"swiper-slide\" role=\"group\" aria-roledescription=\"slide\" aria-label=\"1 di 6\"><a data-elementor-open-lightbox=\"yes\" data-elementor-lightbox-slideshow=\"ada608e\" data-elementor-lightbox-title=\"photo_2020-01-27_07-30-23\" data-e-action-hash=\"#elementor-action%3Aaction%3Dlightbox%26settings%3DeyJpZCI6MTE3OTIsInVybCI6Imh0dHBzOlwvXC93d3cuZWxtZWRhbm90ZW5lcmlmZS5lc1wvd3AtY29udGVudFwvdXBsb2Fkc1wvMjAyMFwvMDJcL3Bob3RvXzIwMjAtMDEtMjdfMDctMzAtMjMuanBnIiwic2xpZGVzaG93IjoiYWRhNjA4ZSJ9\" href=\"https:\/\/www.elmedanotenerife.es\/wp-content\/uploads\/2020\/02\/photo_2020-01-27_07-30-23.jpg\"><figure class=\"swiper-slide-inner\"><img decoding=\"async\" class=\"swiper-slide-image\" src=\"https:\/\/www.elmedanotenerife.es\/wp-content\/uploads\/2020\/02\/photo_2020-01-27_10-53-03.jpg\" alt=\"photo_2020-01-27_07-30-23\" \/><\/figure><\/a><\/div><div class=\"swiper-slide\" role=\"group\" aria-roledescription=\"slide\" aria-label=\"2 di 6\"><a data-elementor-open-lightbox=\"yes\" data-elementor-lightbox-slideshow=\"ada608e\" data-elementor-lightbox-title=\"01ec87f56136c58d4021981c56f13ed7\" data-e-action-hash=\"#elementor-action%3Aaction%3Dlightbox%26settings%3DeyJpZCI6MTE3ODcsInVybCI6Imh0dHBzOlwvXC93d3cuZWxtZWRhbm90ZW5lcmlmZS5lc1wvd3AtY29udGVudFwvdXBsb2Fkc1wvMjAyMFwvMDJcLzAxZWM4N2Y1NjEzNmM1OGQ0MDIxOTgxYzU2ZjEzZWQ3LnBuZyIsInNsaWRlc2hvdyI6ImFkYTYwOGUifQ%3D%3D\" href=\"https:\/\/www.elmedanotenerife.es\/wp-content\/uploads\/2020\/02\/01ec87f56136c58d4021981c56f13ed7.png\"><figure class=\"swiper-slide-inner\"><img decoding=\"async\" class=\"swiper-slide-image\" src=\"https:\/\/www.elmedanotenerife.es\/wp-content\/uploads\/2020\/02\/photo_2020-01-27_10-53-04.jpg\" alt=\"01ec87f56136c58d4021981c56f13ed7\" \/><\/figure><\/a><\/div><div class=\"swiper-slide\" role=\"group\" aria-roledescription=\"slide\" aria-label=\"3 di 6\"><a data-elementor-open-lightbox=\"yes\" data-elementor-lightbox-slideshow=\"ada608e\" data-elementor-lightbox-title=\"4aa117c82047f865ee1e732d358032d3\" data-e-action-hash=\"#elementor-action%3Aaction%3Dlightbox%26settings%3DeyJpZCI6MTE3ODIsInVybCI6Imh0dHBzOlwvXC93d3cuZWxtZWRhbm90ZW5lcmlmZS5lc1wvd3AtY29udGVudFwvdXBsb2Fkc1wvMjAyMFwvMDJcLzRhYTExN2M4MjA0N2Y4NjVlZTFlNzMyZDM1ODAzMmQzLnBuZyIsInNsaWRlc2hvdyI6ImFkYTYwOGUifQ%3D%3D\" href=\"https:\/\/www.elmedanotenerife.es\/wp-content\/uploads\/2020\/02\/4aa117c82047f865ee1e732d358032d3.png\"><figure class=\"swiper-slide-inner\"><img decoding=\"async\" class=\"swiper-slide-image\" src=\"https:\/\/www.elmedanotenerife.es\/wp-content\/uploads\/2020\/02\/photo_2020-01-27_10-53-10.jpg\" alt=\"4aa117c82047f865ee1e732d358032d3\" \/><\/figure><\/a><\/div><div class=\"swiper-slide\" role=\"group\" aria-roledescription=\"slide\" aria-label=\"4 di 6\"><a data-elementor-open-lightbox=\"yes\" data-elementor-lightbox-slideshow=\"ada608e\" data-elementor-lightbox-title=\"rawpixel-558597-unsplash\" data-e-action-hash=\"#elementor-action%3Aaction%3Dlightbox%26settings%3DeyJpZCI6MTE3NzQsInVybCI6Imh0dHBzOlwvXC93d3cuZWxtZWRhbm90ZW5lcmlmZS5lc1wvd3AtY29udGVudFwvdXBsb2Fkc1wvMjAyMFwvMDJcL3Bob3RvXzIwMjAtMDEtMjdfMTAtNTMtMTUuanBnIiwic2xpZGVzaG93IjoiYWRhNjA4ZSJ9\" href=\"https:\/\/www.elmedanotenerife.es\/wp-content\/uploads\/2020\/02\/photo_2020-01-27_10-53-15.jpg\"><figure class=\"swiper-slide-inner\"><img decoding=\"async\" class=\"swiper-slide-image\" src=\"https:\/\/www.elmedanotenerife.es\/wp-content\/uploads\/2020\/02\/photo_2020-01-27_10-53-15-150x150.jpg\" alt=\"rawpixel-558597-unsplash\" \/><\/figure><\/a><\/div><div class=\"swiper-slide\" role=\"group\" aria-roledescription=\"slide\" aria-label=\"5 di 6\"><a data-elementor-open-lightbox=\"yes\" data-elementor-lightbox-slideshow=\"ada608e\" data-elementor-lightbox-title=\"step-inside-with-street-view\" data-e-action-hash=\"#elementor-action%3Aaction%3Dlightbox%26settings%3DeyJpZCI6MTE3NTksInVybCI6Imh0dHBzOlwvXC93d3cuZWxtZWRhbm90ZW5lcmlmZS5lc1wvd3AtY29udGVudFwvdXBsb2Fkc1wvMjAyMFwvMDJcL3Bob3RvXzIwMjAtMDEtMjdfMTAtNTMtMjQuanBnIiwic2xpZGVzaG93IjoiYWRhNjA4ZSJ9\" href=\"https:\/\/www.elmedanotenerife.es\/wp-content\/uploads\/2020\/02\/photo_2020-01-27_10-53-24.jpg\"><figure class=\"swiper-slide-inner\"><img decoding=\"async\" class=\"swiper-slide-image\" src=\"https:\/\/www.elmedanotenerife.es\/wp-content\/uploads\/2020\/02\/photo_2020-01-27_10-53-24-150x150.jpg\" alt=\"step-inside-with-street-view\" \/><\/figure><\/a><\/div><div class=\"swiper-slide\" role=\"group\" aria-roledescription=\"slide\" aria-label=\"6 di 6\"><a data-elementor-open-lightbox=\"yes\" data-elementor-lightbox-slideshow=\"ada608e\" data-elementor-lightbox-title=\"step-inside-with-street-view\" data-e-action-hash=\"#elementor-action%3Aaction%3Dlightbox%26settings%3DeyJpZCI6MTE3NTcsInVybCI6Imh0dHBzOlwvXC93d3cuZWxtZWRhbm90ZW5lcmlmZS5lc1wvd3AtY29udGVudFwvdXBsb2Fkc1wvMjAyMFwvMDJcL3N0ZXAtaW5zaWRlLXdpdGgtc3RyZWV0LXZpZXcucG5nIiwic2xpZGVzaG93IjoiYWRhNjA4ZSJ9\" href=\"https:\/\/www.elmedanotenerife.es\/wp-content\/uploads\/2020\/02\/step-inside-with-street-view.png\"><figure class=\"swiper-slide-inner\"><img decoding=\"async\" class=\"swiper-slide-image\" src=\"https:\/\/www.elmedanotenerife.es\/wp-content\/uploads\/2020\/02\/photo_2020-01-27_10-53-34.jpg\" alt=\"step-inside-with-street-view\" \/><\/figure><\/a><\/div>\t\t\t<\/div>\n\t\t\t\t\t\t\t\t\t\t\t\t<div class=\"elementor-swiper-button elementor-swiper-button-prev\" role=\"button\" tabindex=\"0\">\n\t\t\t\t\t\t<i aria-hidden=\"true\" class=\"eicon-chevron-left\"><\/i>\t\t\t\t\t<\/div>\n\t\t\t\t\t<div class=\"elementor-swiper-button elementor-swiper-button-next\" role=\"button\" tabindex=\"0\">\n\t\t\t\t\t\t<i aria-hidden=\"true\" class=\"eicon-chevron-right\"><\/i>\t\t\t\t\t<\/div>\n\t\t\t\t\n\t\t\t\t\t\t\t\t\t<div class=\"swiper-pagination\"><\/div>\n\t\t\t\t\t\t\t\t\t<\/div>\n\t\t\t\t\t\t<\/div>\n\t\t\t\t<\/div>\n\t\t\t\t<div class=\"elementor-element elementor-element-9817d96 elementor-widget elementor-widget-text-editor\" data-id=\"9817d96\" data-element_type=\"widget\" data-e-type=\"widget\" data-widget_type=\"text-editor.default\">\n\t\t\t\t<div class=\"elementor-widget-container\">\n\t\t\t\t\t\t\t\t\t<p>La strada lungo la costa diventa pi\u00f9 piacevole, visitando le grotte di grano, e passando attraverso diverse spiagge tranquille, Playa del Vidrio e arrivando a Playa del Medio, dove iniziamo il percorso inverso.<\/p>\n<p>Passeremo attraverso le case autosufficienti di THE ITER, e continueremo a Playa Cumplida e il suo punto di vista, da l\u00ec al punto di vista di La Rajita Beach, scendiamo a Playa de La Pelada, e finiremo per tornare al punto di partenza in Arenas del Mar facendo un tour circolare. <\/p>\n<p>Questo tour pu\u00f2 essere fatto anche da Playa de la Jaquita, accanto alle Arenas del Mar Hotel o anche dalla Plaza dEl M\u00e9dano <\/p>\n\t\t\t\t\t\t\t\t<\/div>\n\t\t\t\t<\/div>\n\t\t\t\t\t<\/div>\n\t\t<\/div>\n\t\t\t\t\t<\/div>\n\t\t<\/section>\n\t\t\t\t<\/div>\n\t\t","protected":false},"excerpt":{"rendered":"<p>Itinerario da Arenas del Mar, a Playa del Medio. Monta\u00f1a Pelada Percorso di media difficolt\u00e0, per l&#8217;altezza e la difficolt\u00e0&hellip;<\/p>\n","protected":false},"author":1,"featured_media":0,"parent":0,"menu_order":0,"comment_status":"closed","ping_status":"closed","template":"elementor_header_footer","meta":{"_bbp_topic_count":0,"_bbp_reply_count":0,"_bbp_total_topic_count":0,"_bbp_total_reply_count":0,"_bbp_voice_count":0,"_bbp_anonymous_reply_count":0,"_bbp_topic_count_hidden":0,"_bbp_reply_count_hidden":0,"_bbp_forum_subforum_count":0,"footnotes":""},"class_list":["post-12790","page","type-page","status-publish","hentry"],"yoast_head":"<!-- This site is optimized with the Yoast SEO plugin v27.5 - https:\/\/yoast.com\/product\/yoast-seo-wordpress\/ -->\n<title>Monta\u00f1a Pelada - El M\u00e9dano Tenerife<\/title>\n<meta name=\"robots\" content=\"index, follow, max-snippet:-1, max-image-preview:large, max-video-preview:-1\" \/>\n<link rel=\"canonical\" href=\"https:\/\/www.elmedanotenerife.es\/it\/montana-pelada\/\" \/>\n<meta property=\"og:locale\" content=\"it_IT\" \/>\n<meta property=\"og:type\" content=\"article\" \/>\n<meta property=\"og:title\" content=\"Monta\u00f1a Pelada - El M\u00e9dano Tenerife\" \/>\n<meta property=\"og:description\" content=\"Itinerario da Arenas del Mar, a Playa del Medio. Monta\u00f1a Pelada Percorso di media difficolt\u00e0, per l&#8217;altezza e la difficolt\u00e0&hellip;\" \/>\n<meta property=\"og:url\" content=\"https:\/\/www.elmedanotenerife.es\/it\/montana-pelada\/\" \/>\n<meta property=\"og:site_name\" content=\"El M\u00e9dano Tenerife\" \/>\n<meta property=\"article:modified_time\" content=\"2020-02-13T11:36:48+00:00\" \/>\n<meta property=\"og:image\" content=\"https:\/\/www.elmedanotenerife.es\/wp-content\/uploads\/2020\/02\/eef77ba7c0a33870b054a81f16a5c6e5.png\" \/>\n<meta name=\"twitter:card\" content=\"summary_large_image\" \/>\n<meta name=\"twitter:label1\" content=\"Tempo di lettura stimato\" \/>\n\t<meta name=\"twitter:data1\" content=\"1 minuto\" \/>\n<script type=\"application\/ld+json\" class=\"yoast-schema-graph\">{\"@context\":\"https:\\\/\\\/schema.org\",\"@graph\":[{\"@type\":\"WebPage\",\"@id\":\"https:\\\/\\\/www.elmedanotenerife.es\\\/it\\\/montana-pelada\\\/\",\"url\":\"https:\\\/\\\/www.elmedanotenerife.es\\\/it\\\/montana-pelada\\\/\",\"name\":\"Monta\u00f1a Pelada - El M\u00e9dano Tenerife\",\"isPartOf\":{\"@id\":\"https:\\\/\\\/www.elmedanotenerife.es\\\/it\\\/#website\"},\"primaryImageOfPage\":{\"@id\":\"https:\\\/\\\/www.elmedanotenerife.es\\\/it\\\/montana-pelada\\\/#primaryimage\"},\"image\":{\"@id\":\"https:\\\/\\\/www.elmedanotenerife.es\\\/it\\\/montana-pelada\\\/#primaryimage\"},\"thumbnailUrl\":\"https:\\\/\\\/www.elmedanotenerife.es\\\/wp-content\\\/uploads\\\/2020\\\/02\\\/eef77ba7c0a33870b054a81f16a5c6e5.png\",\"datePublished\":\"2020-02-13T11:36:45+00:00\",\"dateModified\":\"2020-02-13T11:36:48+00:00\",\"breadcrumb\":{\"@id\":\"https:\\\/\\\/www.elmedanotenerife.es\\\/it\\\/montana-pelada\\\/#breadcrumb\"},\"inLanguage\":\"it-IT\",\"potentialAction\":[{\"@type\":\"ReadAction\",\"target\":[\"https:\\\/\\\/www.elmedanotenerife.es\\\/it\\\/montana-pelada\\\/\"]}]},{\"@type\":\"ImageObject\",\"inLanguage\":\"it-IT\",\"@id\":\"https:\\\/\\\/www.elmedanotenerife.es\\\/it\\\/montana-pelada\\\/#primaryimage\",\"url\":\"https:\\\/\\\/www.elmedanotenerife.es\\\/wp-content\\\/uploads\\\/2020\\\/02\\\/eef77ba7c0a33870b054a81f16a5c6e5.png\",\"contentUrl\":\"https:\\\/\\\/www.elmedanotenerife.es\\\/wp-content\\\/uploads\\\/2020\\\/02\\\/eef77ba7c0a33870b054a81f16a5c6e5.png\"},{\"@type\":\"BreadcrumbList\",\"@id\":\"https:\\\/\\\/www.elmedanotenerife.es\\\/it\\\/montana-pelada\\\/#breadcrumb\",\"itemListElement\":[{\"@type\":\"ListItem\",\"position\":1,\"name\":\"Portada\",\"item\":\"https:\\\/\\\/www.elmedanotenerife.es\\\/it\\\/\"},{\"@type\":\"ListItem\",\"position\":2,\"name\":\"Monta\u00f1a Pelada\"}]},{\"@type\":\"WebSite\",\"@id\":\"https:\\\/\\\/www.elmedanotenerife.es\\\/it\\\/#website\",\"url\":\"https:\\\/\\\/www.elmedanotenerife.es\\\/it\\\/\",\"name\":\"El M\u00e9dano Tenerife\",\"description\":\"\",\"potentialAction\":[{\"@type\":\"SearchAction\",\"target\":{\"@type\":\"EntryPoint\",\"urlTemplate\":\"https:\\\/\\\/www.elmedanotenerife.es\\\/it\\\/?s={search_term_string}\"},\"query-input\":{\"@type\":\"PropertyValueSpecification\",\"valueRequired\":true,\"valueName\":\"search_term_string\"}}],\"inLanguage\":\"it-IT\"}]}<\/script>\n<!-- \/ Yoast SEO plugin. -->","yoast_head_json":{"title":"Monta\u00f1a Pelada - El M\u00e9dano Tenerife","robots":{"index":"index","follow":"follow","max-snippet":"max-snippet:-1","max-image-preview":"max-image-preview:large","max-video-preview":"max-video-preview:-1"},"canonical":"https:\/\/www.elmedanotenerife.es\/it\/montana-pelada\/","og_locale":"it_IT","og_type":"article","og_title":"Monta\u00f1a Pelada - El M\u00e9dano Tenerife","og_description":"Itinerario da Arenas del Mar, a Playa del Medio. Monta\u00f1a Pelada Percorso di media difficolt\u00e0, per l&#8217;altezza e la difficolt\u00e0&hellip;","og_url":"https:\/\/www.elmedanotenerife.es\/it\/montana-pelada\/","og_site_name":"El M\u00e9dano Tenerife","article_modified_time":"2020-02-13T11:36:48+00:00","og_image":[{"url":"https:\/\/www.elmedanotenerife.es\/wp-content\/uploads\/2020\/02\/eef77ba7c0a33870b054a81f16a5c6e5.png","type":"","width":"","height":""}],"twitter_card":"summary_large_image","twitter_misc":{"Tempo di lettura stimato":"1 minuto"},"schema":{"@context":"https:\/\/schema.org","@graph":[{"@type":"WebPage","@id":"https:\/\/www.elmedanotenerife.es\/it\/montana-pelada\/","url":"https:\/\/www.elmedanotenerife.es\/it\/montana-pelada\/","name":"Monta\u00f1a Pelada - El M\u00e9dano Tenerife","isPartOf":{"@id":"https:\/\/www.elmedanotenerife.es\/it\/#website"},"primaryImageOfPage":{"@id":"https:\/\/www.elmedanotenerife.es\/it\/montana-pelada\/#primaryimage"},"image":{"@id":"https:\/\/www.elmedanotenerife.es\/it\/montana-pelada\/#primaryimage"},"thumbnailUrl":"https:\/\/www.elmedanotenerife.es\/wp-content\/uploads\/2020\/02\/eef77ba7c0a33870b054a81f16a5c6e5.png","datePublished":"2020-02-13T11:36:45+00:00","dateModified":"2020-02-13T11:36:48+00:00","breadcrumb":{"@id":"https:\/\/www.elmedanotenerife.es\/it\/montana-pelada\/#breadcrumb"},"inLanguage":"it-IT","potentialAction":[{"@type":"ReadAction","target":["https:\/\/www.elmedanotenerife.es\/it\/montana-pelada\/"]}]},{"@type":"ImageObject","inLanguage":"it-IT","@id":"https:\/\/www.elmedanotenerife.es\/it\/montana-pelada\/#primaryimage","url":"https:\/\/www.elmedanotenerife.es\/wp-content\/uploads\/2020\/02\/eef77ba7c0a33870b054a81f16a5c6e5.png","contentUrl":"https:\/\/www.elmedanotenerife.es\/wp-content\/uploads\/2020\/02\/eef77ba7c0a33870b054a81f16a5c6e5.png"},{"@type":"BreadcrumbList","@id":"https:\/\/www.elmedanotenerife.es\/it\/montana-pelada\/#breadcrumb","itemListElement":[{"@type":"ListItem","position":1,"name":"Portada","item":"https:\/\/www.elmedanotenerife.es\/it\/"},{"@type":"ListItem","position":2,"name":"Monta\u00f1a Pelada"}]},{"@type":"WebSite","@id":"https:\/\/www.elmedanotenerife.es\/it\/#website","url":"https:\/\/www.elmedanotenerife.es\/it\/","name":"El M\u00e9dano Tenerife","description":"","potentialAction":[{"@type":"SearchAction","target":{"@type":"EntryPoint","urlTemplate":"https:\/\/www.elmedanotenerife.es\/it\/?s={search_term_string}"},"query-input":{"@type":"PropertyValueSpecification","valueRequired":true,"valueName":"search_term_string"}}],"inLanguage":"it-IT"}]}},"post_mailing_queue_ids":[],"_links":{"self":[{"href":"https:\/\/www.elmedanotenerife.es\/it\/wp-json\/wp\/v2\/pages\/12790","targetHints":{"allow":["GET"]}}],"collection":[{"href":"https:\/\/www.elmedanotenerife.es\/it\/wp-json\/wp\/v2\/pages"}],"about":[{"href":"https:\/\/www.elmedanotenerife.es\/it\/wp-json\/wp\/v2\/types\/page"}],"author":[{"embeddable":true,"href":"https:\/\/www.elmedanotenerife.es\/it\/wp-json\/wp\/v2\/users\/1"}],"replies":[{"embeddable":true,"href":"https:\/\/www.elmedanotenerife.es\/it\/wp-json\/wp\/v2\/comments?post=12790"}],"version-history":[{"count":4,"href":"https:\/\/www.elmedanotenerife.es\/it\/wp-json\/wp\/v2\/pages\/12790\/revisions"}],"predecessor-version":[{"id":12794,"href":"https:\/\/www.elmedanotenerife.es\/it\/wp-json\/wp\/v2\/pages\/12790\/revisions\/12794"}],"wp:attachment":[{"href":"https:\/\/www.elmedanotenerife.es\/it\/wp-json\/wp\/v2\/media?parent=12790"}],"curies":[{"name":"wp","href":"https:\/\/api.w.org\/{rel}","templated":true}]}}