{"id":9359,"date":"2019-10-29T12:32:20","date_gmt":"2019-10-29T10:32:20","guid":{"rendered":"https:\/\/www.elmedanotenerife.es\/?post_type=turismo&#038;p=9359"},"modified":"2021-03-17T18:17:57","modified_gmt":"2021-03-17T16:17:57","slug":"cueva-del-hermano-pedro","status":"publish","type":"turismo","link":"https:\/\/www.elmedanotenerife.es\/it\/turismo\/cueva-del-hermano-pedro\/","title":{"rendered":"Cueva Del Hermano Pedro"},"content":{"rendered":"<p style=\"text-align: justify;\">El\u00a0Espacio Religioso &#8211; Cueva del Santo Hermano Pedro, est\u00e1 consagrada a\u00a0San Pedro de San Jos\u00e9 Betancur\u00a0(Primer Santo\u00a0Canario). Se encuentra situada junto a la cabecera 26 del\u00a0Aeropuerto de Tenerife Sur, en el municipio de\u00a0Granadilla de Abona, cerca de\u00a0El M\u00e9dano\u00a0al sur de la isla de\u00a0Tenerife\u00a0(Canarias,\u00a0Espa\u00f1a).<\/p>\n<p style=\"text-align: justify;\">La cueva se encuentra dentro del\u00a0Sistema General Aeroportuario\u00a0y es propiedad del\u00a0Aeropuerto, que tiene un convenio con el\u00a0Obispado de Tenerife\u00a0que permite su uso por parte de los fieles. Desde\u00a01999, la Cueva del Santo Hermano Pedro y su entorno tiene la consideraci\u00f3n de\u00a0Bien de Inter\u00e9s Cultural\u00a0(BIC) en la categor\u00eda de\u00a0Sitio Hist\u00f3rico, siendo otorgado dicho t\u00edtulo de protecci\u00f3n por el\u00a0Gobierno de Canarias.<\/p>\n","protected":false},"author":1,"featured_media":9360,"comment_status":"open","ping_status":"closed","template":"","locations":[326],"listing_categories":[432],"class_list":["post-9359","turismo","type-turismo","status-publish","has-post-thumbnail","hentry","locations-el-medano","listing_categories-turismo"],"yoast_head":"<!-- This site is optimized with the Yoast SEO plugin v27.5 - https:\/\/yoast.com\/product\/yoast-seo-wordpress\/ -->\n<title>Cueva Del Hermano Pedro - El M\u00e9dano Tenerife<\/title>\n<meta name=\"robots\" content=\"index, follow, max-snippet:-1, max-image-preview:large, max-video-preview:-1\" \/>\n<link rel=\"canonical\" href=\"https:\/\/www.elmedanotenerife.es\/it\/turismo\/cueva-del-hermano-pedro\/\" \/>\n<meta property=\"og:locale\" content=\"it_IT\" \/>\n<meta property=\"og:type\" content=\"article\" \/>\n<meta property=\"og:title\" content=\"Cueva Del Hermano Pedro - El M\u00e9dano Tenerife\" \/>\n<meta property=\"og:description\" content=\"El\u00a0Espacio Religioso &#8211; Cueva del Santo Hermano Pedro, est\u00e1 consagrada a\u00a0San Pedro de San Jos\u00e9 Betancur\u00a0(Primer Santo\u00a0Canario). Se encuentra situada&hellip;\" \/>\n<meta property=\"og:url\" content=\"https:\/\/www.elmedanotenerife.es\/it\/turismo\/cueva-del-hermano-pedro\/\" \/>\n<meta property=\"og:site_name\" content=\"El M\u00e9dano Tenerife\" \/>\n<meta property=\"article:modified_time\" content=\"2021-03-17T16:17:57+00:00\" \/>\n<meta property=\"og:image\" content=\"https:\/\/www.elmedanotenerife.es\/wp-content\/uploads\/2019\/10\/f4174db0d62d7f525718b88cb17559b1.png\" \/>\n\t<meta property=\"og:image:width\" content=\"684\" \/>\n\t<meta property=\"og:image:height\" content=\"636\" \/>\n\t<meta property=\"og:image:type\" content=\"image\/png\" \/>\n<meta name=\"twitter:card\" content=\"summary_large_image\" \/>\n<meta name=\"twitter:label1\" content=\"Tempo di lettura stimato\" \/>\n\t<meta name=\"twitter:data1\" content=\"1 minuto\" \/>\n<script type=\"application\/ld+json\" class=\"yoast-schema-graph\">{\"@context\":\"https:\\\/\\\/schema.org\",\"@graph\":[{\"@type\":\"WebPage\",\"@id\":\"https:\\\/\\\/www.elmedanotenerife.es\\\/it\\\/turismo\\\/cueva-del-hermano-pedro\\\/\",\"url\":\"https:\\\/\\\/www.elmedanotenerife.es\\\/it\\\/turismo\\\/cueva-del-hermano-pedro\\\/\",\"name\":\"Cueva Del Hermano Pedro - El M\u00e9dano Tenerife\",\"isPartOf\":{\"@id\":\"https:\\\/\\\/www.elmedanotenerife.es\\\/it\\\/#website\"},\"primaryImageOfPage\":{\"@id\":\"https:\\\/\\\/www.elmedanotenerife.es\\\/it\\\/turismo\\\/cueva-del-hermano-pedro\\\/#primaryimage\"},\"image\":{\"@id\":\"https:\\\/\\\/www.elmedanotenerife.es\\\/it\\\/turismo\\\/cueva-del-hermano-pedro\\\/#primaryimage\"},\"thumbnailUrl\":\"https:\\\/\\\/www.elmedanotenerife.es\\\/wp-content\\\/uploads\\\/2019\\\/10\\\/f4174db0d62d7f525718b88cb17559b1.png\",\"datePublished\":\"2019-10-29T10:32:20+00:00\",\"dateModified\":\"2021-03-17T16:17:57+00:00\",\"breadcrumb\":{\"@id\":\"https:\\\/\\\/www.elmedanotenerife.es\\\/it\\\/turismo\\\/cueva-del-hermano-pedro\\\/#breadcrumb\"},\"inLanguage\":\"it-IT\",\"potentialAction\":[{\"@type\":\"ReadAction\",\"target\":[\"https:\\\/\\\/www.elmedanotenerife.es\\\/it\\\/turismo\\\/cueva-del-hermano-pedro\\\/\"]}]},{\"@type\":\"ImageObject\",\"inLanguage\":\"it-IT\",\"@id\":\"https:\\\/\\\/www.elmedanotenerife.es\\\/it\\\/turismo\\\/cueva-del-hermano-pedro\\\/#primaryimage\",\"url\":\"https:\\\/\\\/www.elmedanotenerife.es\\\/wp-content\\\/uploads\\\/2019\\\/10\\\/f4174db0d62d7f525718b88cb17559b1.png\",\"contentUrl\":\"https:\\\/\\\/www.elmedanotenerife.es\\\/wp-content\\\/uploads\\\/2019\\\/10\\\/f4174db0d62d7f525718b88cb17559b1.png\",\"width\":684,\"height\":636},{\"@type\":\"BreadcrumbList\",\"@id\":\"https:\\\/\\\/www.elmedanotenerife.es\\\/it\\\/turismo\\\/cueva-del-hermano-pedro\\\/#breadcrumb\",\"itemListElement\":[{\"@type\":\"ListItem\",\"position\":1,\"name\":\"Portada\",\"item\":\"https:\\\/\\\/www.elmedanotenerife.es\\\/it\\\/\"},{\"@type\":\"ListItem\",\"position\":2,\"name\":\"Turismo\",\"item\":\"https:\\\/\\\/www.elmedanotenerife.es\\\/it\\\/turismo\\\/\"},{\"@type\":\"ListItem\",\"position\":3,\"name\":\"Cueva Del Hermano Pedro\"}]},{\"@type\":\"WebSite\",\"@id\":\"https:\\\/\\\/www.elmedanotenerife.es\\\/it\\\/#website\",\"url\":\"https:\\\/\\\/www.elmedanotenerife.es\\\/it\\\/\",\"name\":\"El M\u00e9dano Tenerife\",\"description\":\"\",\"potentialAction\":[{\"@type\":\"SearchAction\",\"target\":{\"@type\":\"EntryPoint\",\"urlTemplate\":\"https:\\\/\\\/www.elmedanotenerife.es\\\/it\\\/?s={search_term_string}\"},\"query-input\":{\"@type\":\"PropertyValueSpecification\",\"valueRequired\":true,\"valueName\":\"search_term_string\"}}],\"inLanguage\":\"it-IT\"}]}<\/script>\n<!-- \/ Yoast SEO plugin. -->","yoast_head_json":{"title":"Cueva Del Hermano Pedro - El M\u00e9dano Tenerife","robots":{"index":"index","follow":"follow","max-snippet":"max-snippet:-1","max-image-preview":"max-image-preview:large","max-video-preview":"max-video-preview:-1"},"canonical":"https:\/\/www.elmedanotenerife.es\/it\/turismo\/cueva-del-hermano-pedro\/","og_locale":"it_IT","og_type":"article","og_title":"Cueva Del Hermano Pedro - El M\u00e9dano Tenerife","og_description":"El\u00a0Espacio Religioso &#8211; Cueva del Santo Hermano Pedro, est\u00e1 consagrada a\u00a0San Pedro de San Jos\u00e9 Betancur\u00a0(Primer Santo\u00a0Canario). Se encuentra situada&hellip;","og_url":"https:\/\/www.elmedanotenerife.es\/it\/turismo\/cueva-del-hermano-pedro\/","og_site_name":"El M\u00e9dano Tenerife","article_modified_time":"2021-03-17T16:17:57+00:00","og_image":[{"width":684,"height":636,"url":"https:\/\/www.elmedanotenerife.es\/wp-content\/uploads\/2019\/10\/f4174db0d62d7f525718b88cb17559b1.png","type":"image\/png"}],"twitter_card":"summary_large_image","twitter_misc":{"Tempo di lettura stimato":"1 minuto"},"schema":{"@context":"https:\/\/schema.org","@graph":[{"@type":"WebPage","@id":"https:\/\/www.elmedanotenerife.es\/it\/turismo\/cueva-del-hermano-pedro\/","url":"https:\/\/www.elmedanotenerife.es\/it\/turismo\/cueva-del-hermano-pedro\/","name":"Cueva Del Hermano Pedro - El M\u00e9dano Tenerife","isPartOf":{"@id":"https:\/\/www.elmedanotenerife.es\/it\/#website"},"primaryImageOfPage":{"@id":"https:\/\/www.elmedanotenerife.es\/it\/turismo\/cueva-del-hermano-pedro\/#primaryimage"},"image":{"@id":"https:\/\/www.elmedanotenerife.es\/it\/turismo\/cueva-del-hermano-pedro\/#primaryimage"},"thumbnailUrl":"https:\/\/www.elmedanotenerife.es\/wp-content\/uploads\/2019\/10\/f4174db0d62d7f525718b88cb17559b1.png","datePublished":"2019-10-29T10:32:20+00:00","dateModified":"2021-03-17T16:17:57+00:00","breadcrumb":{"@id":"https:\/\/www.elmedanotenerife.es\/it\/turismo\/cueva-del-hermano-pedro\/#breadcrumb"},"inLanguage":"it-IT","potentialAction":[{"@type":"ReadAction","target":["https:\/\/www.elmedanotenerife.es\/it\/turismo\/cueva-del-hermano-pedro\/"]}]},{"@type":"ImageObject","inLanguage":"it-IT","@id":"https:\/\/www.elmedanotenerife.es\/it\/turismo\/cueva-del-hermano-pedro\/#primaryimage","url":"https:\/\/www.elmedanotenerife.es\/wp-content\/uploads\/2019\/10\/f4174db0d62d7f525718b88cb17559b1.png","contentUrl":"https:\/\/www.elmedanotenerife.es\/wp-content\/uploads\/2019\/10\/f4174db0d62d7f525718b88cb17559b1.png","width":684,"height":636},{"@type":"BreadcrumbList","@id":"https:\/\/www.elmedanotenerife.es\/it\/turismo\/cueva-del-hermano-pedro\/#breadcrumb","itemListElement":[{"@type":"ListItem","position":1,"name":"Portada","item":"https:\/\/www.elmedanotenerife.es\/it\/"},{"@type":"ListItem","position":2,"name":"Turismo","item":"https:\/\/www.elmedanotenerife.es\/it\/turismo\/"},{"@type":"ListItem","position":3,"name":"Cueva Del Hermano Pedro"}]},{"@type":"WebSite","@id":"https:\/\/www.elmedanotenerife.es\/it\/#website","url":"https:\/\/www.elmedanotenerife.es\/it\/","name":"El M\u00e9dano Tenerife","description":"","potentialAction":[{"@type":"SearchAction","target":{"@type":"EntryPoint","urlTemplate":"https:\/\/www.elmedanotenerife.es\/it\/?s={search_term_string}"},"query-input":{"@type":"PropertyValueSpecification","valueRequired":true,"valueName":"search_term_string"}}],"inLanguage":"it-IT"}]}},"cmb2":{"listing_turismo_general":{"listing_title":"Cueva Del Hermano Pedro","listing_description":"<p style=\"text-align: justify;\">El\u00a0Espacio Religioso - Cueva del Santo Hermano Pedro, est\u00e1 consagrada a\u00a0San Pedro de San Jos\u00e9 Betancur\u00a0(Primer Santo\u00a0Canario). Se encuentra situada junto a la cabecera 26 del\u00a0Aeropuerto de Tenerife Sur, en el municipio de\u00a0Granadilla de Abona, cerca de\u00a0El M\u00e9dano\u00a0al sur de la isla de\u00a0Tenerife\u00a0(Canarias,\u00a0Espa\u00f1a).<\/p>\r\n<p style=\"text-align: justify;\">La cueva se encuentra dentro del\u00a0Sistema General Aeroportuario\u00a0y es propiedad del\u00a0Aeropuerto, que tiene un convenio con el\u00a0Obispado de Tenerife\u00a0que permite su uso por parte de los fieles. Desde\u00a01999, la Cueva del Santo Hermano Pedro y su entorno tiene la consideraci\u00f3n de\u00a0Bien de Inter\u00e9s Cultural\u00a0(BIC) en la categor\u00eda de\u00a0Sitio Hist\u00f3rico, siendo otorgado dicho t\u00edtulo de protecci\u00f3n por el\u00a0Gobierno de Canarias.<\/p>","listing_featured_image":"https:\/\/www.elmedanotenerife.es\/wp-content\/uploads\/2019\/10\/f4174db0d62d7f525718b88cb17559b1.png","listing_featured_image_id":""},"listing_turismo_branding":{"listing_slogan":"","listing_brand_color":"","listing_logo":"https:\/\/www.elmedanotenerife.es\/wp-content\/uploads\/2019\/10\/94f4761c534d49df23c1d96744c2055e.jpg","listing_logo_id":"9361"},"listing_turismo_banner":{"listing_banner":"banner_featured_image","listing_banner_map_zoom":"12","listing_banner_map_type":"SATELLITE","listing_banner_map_marker":""},"listing_turismo_listing_category":{"listing_listing_category":["turismo"]},"listing_turismo_location":{"listing_locations":["el-medano"],"listing_map_location":{"address":"Cueva Del Hermano Pedro, Granadilla, Espa\u00f1a","latitude":"28.0511587","longitude":"-16.553176200000053"},"listing_map_location_polygon":"","listing_street_view":"","listing_street_view_location":{"latitude":"37.81240457820649","longitude":"-122.4760775295691","zoom":"1","heading":"-18","pitch":"25"},"listing_inside_view":"on","listing_inside_view_location":{"latitude":"28.0511587","longitude":"-16.5531762","zoom":"1","heading":"249.578","pitch":"-1.659"}}},"_links":{"self":[{"href":"https:\/\/www.elmedanotenerife.es\/it\/wp-json\/wp\/v2\/turismo\/9359","targetHints":{"allow":["GET"]}}],"collection":[{"href":"https:\/\/www.elmedanotenerife.es\/it\/wp-json\/wp\/v2\/turismo"}],"about":[{"href":"https:\/\/www.elmedanotenerife.es\/it\/wp-json\/wp\/v2\/types\/turismo"}],"author":[{"embeddable":true,"href":"https:\/\/www.elmedanotenerife.es\/it\/wp-json\/wp\/v2\/users\/1"}],"replies":[{"embeddable":true,"href":"https:\/\/www.elmedanotenerife.es\/it\/wp-json\/wp\/v2\/comments?post=9359"}],"wp:featuredmedia":[{"embeddable":true,"href":"https:\/\/www.elmedanotenerife.es\/it\/wp-json\/wp\/v2\/media\/9360"}],"wp:attachment":[{"href":"https:\/\/www.elmedanotenerife.es\/it\/wp-json\/wp\/v2\/media?parent=9359"}],"wp:term":[{"taxonomy":"locations","embeddable":true,"href":"https:\/\/www.elmedanotenerife.es\/it\/wp-json\/wp\/v2\/locations?post=9359"},{"taxonomy":"listing_categories","embeddable":true,"href":"https:\/\/www.elmedanotenerife.es\/it\/wp-json\/wp\/v2\/listing_categories?post=9359"}],"curies":[{"name":"wp","href":"https:\/\/api.w.org\/{rel}","templated":true}]}}