{"id":9780,"date":"2019-11-04T19:22:20","date_gmt":"2019-11-04T17:22:20","guid":{"rendered":"https:\/\/www.elmedanotenerife.es\/?post_type=turismo&#038;p=9780"},"modified":"2019-11-10T15:22:49","modified_gmt":"2019-11-10T13:22:49","slug":"mirador-de-montana-roja","status":"publish","type":"turismo","link":"https:\/\/www.elmedanotenerife.es\/it\/turismo\/mirador-de-montana-roja\/","title":{"rendered":"Mirador de Monta\u00f1a Roja"},"content":{"rendered":"<p style=\"text-align: justify;\">Un imponente cono volc\u00e1nico de un curioso tono rojizo. Su figura destaca en el paisaje llano de esta zona. Su cumbre ofrece impresionantes vistas en absoluto silencio que solo rompe el viento, el sonido del mar, y el tr\u00e1fico a\u00e9reo del aeropuerto Reina Sof\u00eda.<\/p>\n<p style=\"text-align: justify;\">A lo largo del camino iremos atravesando playas y enclaves naturales de gran valor.<\/p>\n","protected":false},"author":1,"featured_media":9781,"comment_status":"open","ping_status":"closed","template":"","locations":[326],"listing_categories":[432],"class_list":["post-9780","turismo","type-turismo","status-publish","has-post-thumbnail","hentry","locations-el-medano","listing_categories-turismo"],"yoast_head":"<!-- This site is optimized with the Yoast SEO plugin v27.5 - https:\/\/yoast.com\/product\/yoast-seo-wordpress\/ -->\n<title>Mirador de Monta\u00f1a Roja - El M\u00e9dano Tenerife<\/title>\n<meta name=\"robots\" content=\"index, follow, max-snippet:-1, max-image-preview:large, max-video-preview:-1\" \/>\n<link rel=\"canonical\" href=\"https:\/\/www.elmedanotenerife.es\/it\/turismo\/mirador-de-montana-roja\/\" \/>\n<meta property=\"og:locale\" content=\"it_IT\" \/>\n<meta property=\"og:type\" content=\"article\" \/>\n<meta property=\"og:title\" content=\"Mirador de Monta\u00f1a Roja - El M\u00e9dano Tenerife\" \/>\n<meta property=\"og:description\" content=\"Un imponente cono volc\u00e1nico de un curioso tono rojizo. Su figura destaca en el paisaje llano de esta zona. Su&hellip;\" \/>\n<meta property=\"og:url\" content=\"https:\/\/www.elmedanotenerife.es\/it\/turismo\/mirador-de-montana-roja\/\" \/>\n<meta property=\"og:site_name\" content=\"El M\u00e9dano Tenerife\" \/>\n<meta property=\"article:modified_time\" content=\"2019-11-10T13:22:49+00:00\" \/>\n<meta property=\"og:image\" content=\"https:\/\/www.elmedanotenerife.es\/wp-content\/uploads\/2019\/11\/montana-roja-montana-pelada-fc.jpg\" \/>\n\t<meta property=\"og:image:width\" content=\"960\" \/>\n\t<meta property=\"og:image:height\" content=\"371\" \/>\n\t<meta property=\"og:image:type\" content=\"image\/jpeg\" \/>\n<meta name=\"twitter:card\" content=\"summary_large_image\" \/>\n<script type=\"application\/ld+json\" class=\"yoast-schema-graph\">{\"@context\":\"https:\\\/\\\/schema.org\",\"@graph\":[{\"@type\":\"WebPage\",\"@id\":\"https:\\\/\\\/www.elmedanotenerife.es\\\/it\\\/turismo\\\/mirador-de-montana-roja\\\/\",\"url\":\"https:\\\/\\\/www.elmedanotenerife.es\\\/it\\\/turismo\\\/mirador-de-montana-roja\\\/\",\"name\":\"Mirador de Monta\u00f1a Roja - El M\u00e9dano Tenerife\",\"isPartOf\":{\"@id\":\"https:\\\/\\\/www.elmedanotenerife.es\\\/it\\\/#website\"},\"primaryImageOfPage\":{\"@id\":\"https:\\\/\\\/www.elmedanotenerife.es\\\/it\\\/turismo\\\/mirador-de-montana-roja\\\/#primaryimage\"},\"image\":{\"@id\":\"https:\\\/\\\/www.elmedanotenerife.es\\\/it\\\/turismo\\\/mirador-de-montana-roja\\\/#primaryimage\"},\"thumbnailUrl\":\"https:\\\/\\\/www.elmedanotenerife.es\\\/wp-content\\\/uploads\\\/2019\\\/11\\\/montana-roja-montana-pelada-fc.jpg\",\"datePublished\":\"2019-11-04T17:22:20+00:00\",\"dateModified\":\"2019-11-10T13:22:49+00:00\",\"breadcrumb\":{\"@id\":\"https:\\\/\\\/www.elmedanotenerife.es\\\/it\\\/turismo\\\/mirador-de-montana-roja\\\/#breadcrumb\"},\"inLanguage\":\"it-IT\",\"potentialAction\":[{\"@type\":\"ReadAction\",\"target\":[\"https:\\\/\\\/www.elmedanotenerife.es\\\/it\\\/turismo\\\/mirador-de-montana-roja\\\/\"]}]},{\"@type\":\"ImageObject\",\"inLanguage\":\"it-IT\",\"@id\":\"https:\\\/\\\/www.elmedanotenerife.es\\\/it\\\/turismo\\\/mirador-de-montana-roja\\\/#primaryimage\",\"url\":\"https:\\\/\\\/www.elmedanotenerife.es\\\/wp-content\\\/uploads\\\/2019\\\/11\\\/montana-roja-montana-pelada-fc.jpg\",\"contentUrl\":\"https:\\\/\\\/www.elmedanotenerife.es\\\/wp-content\\\/uploads\\\/2019\\\/11\\\/montana-roja-montana-pelada-fc.jpg\",\"width\":960,\"height\":371},{\"@type\":\"BreadcrumbList\",\"@id\":\"https:\\\/\\\/www.elmedanotenerife.es\\\/it\\\/turismo\\\/mirador-de-montana-roja\\\/#breadcrumb\",\"itemListElement\":[{\"@type\":\"ListItem\",\"position\":1,\"name\":\"Portada\",\"item\":\"https:\\\/\\\/www.elmedanotenerife.es\\\/it\\\/\"},{\"@type\":\"ListItem\",\"position\":2,\"name\":\"Turismo\",\"item\":\"https:\\\/\\\/www.elmedanotenerife.es\\\/it\\\/turismo\\\/\"},{\"@type\":\"ListItem\",\"position\":3,\"name\":\"Mirador de Monta\u00f1a Roja\"}]},{\"@type\":\"WebSite\",\"@id\":\"https:\\\/\\\/www.elmedanotenerife.es\\\/it\\\/#website\",\"url\":\"https:\\\/\\\/www.elmedanotenerife.es\\\/it\\\/\",\"name\":\"El M\u00e9dano Tenerife\",\"description\":\"\",\"potentialAction\":[{\"@type\":\"SearchAction\",\"target\":{\"@type\":\"EntryPoint\",\"urlTemplate\":\"https:\\\/\\\/www.elmedanotenerife.es\\\/it\\\/?s={search_term_string}\"},\"query-input\":{\"@type\":\"PropertyValueSpecification\",\"valueRequired\":true,\"valueName\":\"search_term_string\"}}],\"inLanguage\":\"it-IT\"}]}<\/script>\n<!-- \/ Yoast SEO plugin. -->","yoast_head_json":{"title":"Mirador de Monta\u00f1a Roja - El M\u00e9dano Tenerife","robots":{"index":"index","follow":"follow","max-snippet":"max-snippet:-1","max-image-preview":"max-image-preview:large","max-video-preview":"max-video-preview:-1"},"canonical":"https:\/\/www.elmedanotenerife.es\/it\/turismo\/mirador-de-montana-roja\/","og_locale":"it_IT","og_type":"article","og_title":"Mirador de Monta\u00f1a Roja - El M\u00e9dano Tenerife","og_description":"Un imponente cono volc\u00e1nico de un curioso tono rojizo. Su figura destaca en el paisaje llano de esta zona. Su&hellip;","og_url":"https:\/\/www.elmedanotenerife.es\/it\/turismo\/mirador-de-montana-roja\/","og_site_name":"El M\u00e9dano Tenerife","article_modified_time":"2019-11-10T13:22:49+00:00","og_image":[{"width":960,"height":371,"url":"https:\/\/www.elmedanotenerife.es\/wp-content\/uploads\/2019\/11\/montana-roja-montana-pelada-fc.jpg","type":"image\/jpeg"}],"twitter_card":"summary_large_image","schema":{"@context":"https:\/\/schema.org","@graph":[{"@type":"WebPage","@id":"https:\/\/www.elmedanotenerife.es\/it\/turismo\/mirador-de-montana-roja\/","url":"https:\/\/www.elmedanotenerife.es\/it\/turismo\/mirador-de-montana-roja\/","name":"Mirador de Monta\u00f1a Roja - El M\u00e9dano Tenerife","isPartOf":{"@id":"https:\/\/www.elmedanotenerife.es\/it\/#website"},"primaryImageOfPage":{"@id":"https:\/\/www.elmedanotenerife.es\/it\/turismo\/mirador-de-montana-roja\/#primaryimage"},"image":{"@id":"https:\/\/www.elmedanotenerife.es\/it\/turismo\/mirador-de-montana-roja\/#primaryimage"},"thumbnailUrl":"https:\/\/www.elmedanotenerife.es\/wp-content\/uploads\/2019\/11\/montana-roja-montana-pelada-fc.jpg","datePublished":"2019-11-04T17:22:20+00:00","dateModified":"2019-11-10T13:22:49+00:00","breadcrumb":{"@id":"https:\/\/www.elmedanotenerife.es\/it\/turismo\/mirador-de-montana-roja\/#breadcrumb"},"inLanguage":"it-IT","potentialAction":[{"@type":"ReadAction","target":["https:\/\/www.elmedanotenerife.es\/it\/turismo\/mirador-de-montana-roja\/"]}]},{"@type":"ImageObject","inLanguage":"it-IT","@id":"https:\/\/www.elmedanotenerife.es\/it\/turismo\/mirador-de-montana-roja\/#primaryimage","url":"https:\/\/www.elmedanotenerife.es\/wp-content\/uploads\/2019\/11\/montana-roja-montana-pelada-fc.jpg","contentUrl":"https:\/\/www.elmedanotenerife.es\/wp-content\/uploads\/2019\/11\/montana-roja-montana-pelada-fc.jpg","width":960,"height":371},{"@type":"BreadcrumbList","@id":"https:\/\/www.elmedanotenerife.es\/it\/turismo\/mirador-de-montana-roja\/#breadcrumb","itemListElement":[{"@type":"ListItem","position":1,"name":"Portada","item":"https:\/\/www.elmedanotenerife.es\/it\/"},{"@type":"ListItem","position":2,"name":"Turismo","item":"https:\/\/www.elmedanotenerife.es\/it\/turismo\/"},{"@type":"ListItem","position":3,"name":"Mirador de Monta\u00f1a Roja"}]},{"@type":"WebSite","@id":"https:\/\/www.elmedanotenerife.es\/it\/#website","url":"https:\/\/www.elmedanotenerife.es\/it\/","name":"El M\u00e9dano Tenerife","description":"","potentialAction":[{"@type":"SearchAction","target":{"@type":"EntryPoint","urlTemplate":"https:\/\/www.elmedanotenerife.es\/it\/?s={search_term_string}"},"query-input":{"@type":"PropertyValueSpecification","valueRequired":true,"valueName":"search_term_string"}}],"inLanguage":"it-IT"}]}},"cmb2":{"listing_turismo_general":{"listing_title":"Mirador de Monta\u00f1a Roja","listing_description":"<p style=\"text-align: justify;\">Un imponente cono volc\u00e1nico de un curioso tono rojizo. Su figura destaca en el paisaje llano de esta zona. Su cumbre ofrece impresionantes vistas en absoluto silencio que solo rompe el viento, el sonido del mar, y el tr\u00e1fico a\u00e9reo del aeropuerto Reina Sof\u00eda.<\/p>\r\n<p style=\"text-align: justify;\">A lo largo del camino iremos atravesando playas y enclaves naturales de gran valor.<\/p>","listing_featured_image":"https:\/\/www.elmedanotenerife.es\/wp-content\/uploads\/2019\/11\/montana-roja-montana-pelada-fc.jpg","listing_featured_image_id":""},"listing_turismo_branding":{"listing_slogan":"","listing_brand_color":"","listing_logo":"","listing_logo_id":""},"listing_turismo_banner":{"listing_banner":"banner_featured_image","listing_banner_map_zoom":"12","listing_banner_map_type":"SATELLITE","listing_banner_map_marker":""},"listing_turismo_listing_category":{"listing_listing_category":["turismo"]},"listing_turismo_location":{"listing_locations":["el-medano"],"listing_map_location":{"address":"Mirador Monta\u00f1a Roja, Granadilla, Espa\u00f1a","latitude":"28.0270939","longitude":"-16.54898490000005"},"listing_map_location_polygon":"","listing_street_view":"on","listing_street_view_location":{"latitude":"28.0270939","longitude":"-16.54898490000005","zoom":"1","heading":"216.734","pitch":"-13.622"},"listing_inside_view":"","listing_inside_view_location":{"latitude":"37.81240457820649","longitude":"-122.47607752956912","zoom":"1","heading":"-18","pitch":"25"}}},"_links":{"self":[{"href":"https:\/\/www.elmedanotenerife.es\/it\/wp-json\/wp\/v2\/turismo\/9780","targetHints":{"allow":["GET"]}}],"collection":[{"href":"https:\/\/www.elmedanotenerife.es\/it\/wp-json\/wp\/v2\/turismo"}],"about":[{"href":"https:\/\/www.elmedanotenerife.es\/it\/wp-json\/wp\/v2\/types\/turismo"}],"author":[{"embeddable":true,"href":"https:\/\/www.elmedanotenerife.es\/it\/wp-json\/wp\/v2\/users\/1"}],"replies":[{"embeddable":true,"href":"https:\/\/www.elmedanotenerife.es\/it\/wp-json\/wp\/v2\/comments?post=9780"}],"wp:featuredmedia":[{"embeddable":true,"href":"https:\/\/www.elmedanotenerife.es\/it\/wp-json\/wp\/v2\/media\/9781"}],"wp:attachment":[{"href":"https:\/\/www.elmedanotenerife.es\/it\/wp-json\/wp\/v2\/media?parent=9780"}],"wp:term":[{"taxonomy":"locations","embeddable":true,"href":"https:\/\/www.elmedanotenerife.es\/it\/wp-json\/wp\/v2\/locations?post=9780"},{"taxonomy":"listing_categories","embeddable":true,"href":"https:\/\/www.elmedanotenerife.es\/it\/wp-json\/wp\/v2\/listing_categories?post=9780"}],"curies":[{"name":"wp","href":"https:\/\/api.w.org\/{rel}","templated":true}]}}