{"id":9383,"date":"2019-10-29T13:25:48","date_gmt":"2019-10-29T11:25:48","guid":{"rendered":"https:\/\/www.elmedanotenerife.es\/?post_type=profesionales&#038;p=9383"},"modified":"2025-02-28T17:31:12","modified_gmt":"2025-02-28T15:31:12","slug":"alvarez-abogados-tenerife","status":"publish","type":"profesionales","link":"https:\/\/www.elmedanotenerife.es\/ru\/profesionales\/alvarez-abogados-tenerife\/","title":{"rendered":"Alvarez Abogados Tenerife"},"content":{"rendered":"<div id=\"pg-5421-0\" class=\"panel-grid panel-has-style\">\n<div class=\"panel-row-style panel-row-style-for-5421-0\">\n<div id=\"pgc-5421-0-0\" class=\"panel-grid-cell\">\n<div id=\"panel-5421-0-0-0\" class=\"so-panel widget widget_sow-headline panel-first-child panel-last-child\" data-index=\"0\">\n<div class=\"so-widget-sow-headline so-widget-sow-headline-default-6f5ce19f40be so-widget-fittext-wrapper\" data-fit-text-compressor=\"0.85\">\n<div class=\"sow-headline-container \">\n<p class=\"sow-sub-headline\" style=\"text-align: justify\"><strong><a href=\"https:\/\/alvarezabogadostenerife.com\">Alvarez Abogados Tenerife<\/a><\/strong>. Despacho <strong>Abogados Tenerife Sur<\/strong>\u00a0fundado en\u00a01954. El\u00a0bufete de abogados\u00a0cuenta con los abogados\u00a0<strong>Manuel Antonio Alvarez Hern\u00e1ndez<\/strong>\u00a0y\u00a0<strong>Alberto Alvarez Hern\u00e1ndez<\/strong> con amplia experiencia y formaci\u00f3n en Derecho Civil, Penal, Familia, Herencias, Desahucios, Inmobiliario, Seguros, Contractual, Registral, Hipotecario, Notarial, Procesal, Litigios, Bancario y Reclamaci\u00f3n de Deudas. El <a href=\"https:\/\/alvarezabogadostenerife.com\/despacho-abogados\/\"><strong>despacho de abogados en Tenerife<\/strong><\/a>, en el desarrollo de su actividad, atiende las diferentes materias legales y etapas procesales que pudieran surgir, ofreciendo un servicio jur\u00eddico completo y personalizado en la isla de\u00a0Tenerife.<\/p>\n<p>&nbsp;<\/p>\n<\/div>\n<\/div>\n<\/div>\n<\/div>\n<\/div>\n<\/div>\n<div id=\"pg-5421-1\" class=\"panel-grid panel-has-style\">\n<div class=\"panel-row-style panel-row-style-for-5421-1\">\n<div id=\"panel-5421-1-0-0\" class=\"so-panel widget widget_vr_text aio-widget-text panel-first-child panel-last-child\" style=\"text-align: center\" data-index=\"1\">\n<article class=\"text clearfix \"><img decoding=\"async\" src=\"https:\/\/n8h5n2n7.rocketcdn.me\/wp-content\/uploads\/2016\/11\/alvarez-abogados-tenerife-logo.png\" alt=\"logo\" width=\"231\" height=\"89\" \/>\u00a0<\/article>\n<\/div>\n<div id=\"pgc-5421-1-1\" class=\"panel-grid-cell\">\n<div class=\"so-widget-sow-headline so-widget-sow-headline-default-b2e28e31be9e so-widget-fittext-wrapper\" style=\"text-align: justify\" data-fit-text-compressor=\"0.85\">\n<div class=\"sow-headline-container \">\n<p class=\"sow-headline\" style=\"text-align: center\"><strong>\u00c1reas del Derecho:<\/strong><\/p>\n<p class=\"sow-sub-headline\"><strong>Derecho Civil<\/strong><\/p>\n<\/div>\n<\/div>\n<div id=\"panel-5421-1-1-1\" class=\"so-panel widget widget_vr_feature aio-widget-features panel-last-child\" data-index=\"3\">\n<div class=\"panel-widget-style panel-widget-style-for-5421-1-1-1\">\n<div class=\"row row-equal fx\">\n<p style=\"text-align: justify\">Abogados Civilistas en Tenerife, expertos en todas las ramas del Derecho Civil. Divorcios, accidentes de tr\u00e1fico, separaciones, desahucios, reclamaciones de cantidad, herencias, responsabilidad civil, contratos, indemnizaciones, derecho familia, testamentos, convenio regulador,\u2026<\/p>\n<div class=\"feature-head\" style=\"text-align: justify\"><strong>Derecho Penal<\/strong><\/div>\n<p style=\"text-align: justify\">Abogados Penalistas en Tenerife, especialistas en todos los delitos e infracciones del Derecho Penal. Incluso los m\u00e1s graves. Alcoholemia, tr\u00e1fico, negligencias m\u00e9dicas, lesiones, homicidio, estafas, robos, delitos inform\u00e1ticos, violencia de g\u00e9nero, hurtos, delito fiscal, juicios r\u00e1pidos,\u2026<\/p>\n<div class=\"feature-head\" style=\"text-align: justify\"><strong>Derecho Procesal<\/strong><\/div>\n<p style=\"text-align: justify\">Abogados Procesalistas en Tenerife, con experiencia en litigios relativos a Civil, Penal y Bancario. Responsabilidad contractual, procesos ejecuci\u00f3n de sentencias, juicios ejecutivos y hipotecarios, medidas cautelares, procesos monitorios, procesos derecho sucesorio o testamentario,&#8230;<\/p>\n<p style=\"text-align: justify\"><strong>Derecho Bancario<\/strong><\/p>\n<p style=\"text-align: justify\">Abogados especialistas en Derecho Bancario en Tenerife. Swaps, cl\u00e1usulas suelo, cl\u00e1usulas abusivas, defensa ejecuciones hipotecarias, daci\u00f3n en pago, renegociaci\u00f3n deudas, pr\u00e9stamos hipotecarios, IRPH, arrendamientos financieros, gastos hipoteca, fondos y dep\u00f3sitos estructurados,&#8230;<\/p>\n<p>Conozca el resto de nuestras <a href=\"https:\/\/alvarezabogadostenerife.com\/areas-derecho\/\" target=\"_blank\" rel=\"noopener\"><strong>\u00c1reas del Derecho<\/strong><\/a><\/p>\n<\/div>\n<\/div>\n<\/div>\n<\/div>\n<\/div>\n<\/div>\n","protected":false},"author":42,"featured_media":13865,"comment_status":"open","ping_status":"closed","template":"","locations":[326],"listing_categories":[328,413],"class_list":["post-9383","profesionales","type-profesionales","status-publish","has-post-thumbnail","hentry","locations-el-medano","listing_categories-abogados","listing_categories-asesorias"],"yoast_head":"<!-- This site is optimized with the Yoast SEO plugin v27.5 - https:\/\/yoast.com\/product\/yoast-seo-wordpress\/ -->\n<title>Alvarez Abogados Tenerife - El M\u00e9dano Tenerife<\/title>\n<meta name=\"robots\" content=\"index, follow, max-snippet:-1, max-image-preview:large, max-video-preview:-1\" \/>\n<link rel=\"canonical\" href=\"https:\/\/www.elmedanotenerife.es\/ru\/profesionales\/alvarez-abogados-tenerife\/\" \/>\n<meta property=\"og:locale\" content=\"ru_RU\" \/>\n<meta property=\"og:type\" content=\"article\" \/>\n<meta property=\"og:title\" content=\"Alvarez Abogados Tenerife - El M\u00e9dano Tenerife\" \/>\n<meta property=\"og:description\" content=\"Alvarez Abogados Tenerife. Despacho Abogados Tenerife Sur\u00a0fundado en\u00a01954. El\u00a0bufete de abogados\u00a0cuenta con los abogados\u00a0Manuel Antonio Alvarez Hern\u00e1ndez\u00a0y\u00a0Alberto Alvarez Hern\u00e1ndez con&hellip;\" \/>\n<meta property=\"og:url\" content=\"https:\/\/www.elmedanotenerife.es\/ru\/profesionales\/alvarez-abogados-tenerife\/\" \/>\n<meta property=\"og:site_name\" content=\"El M\u00e9dano Tenerife\" \/>\n<meta property=\"article:modified_time\" content=\"2025-02-28T15:31:12+00:00\" \/>\n<meta property=\"og:image\" content=\"https:\/\/www.elmedanotenerife.es\/wp-content\/uploads\/2021\/08\/alvarez-abogados-tenerife-facebook.png\" \/>\n\t<meta property=\"og:image:width\" content=\"820\" \/>\n\t<meta property=\"og:image:height\" content=\"462\" \/>\n\t<meta property=\"og:image:type\" content=\"image\/png\" \/>\n<meta name=\"twitter:card\" content=\"summary_large_image\" \/>\n<meta name=\"twitter:label1\" content=\"\u041f\u0440\u0438\u043c\u0435\u0440\u043d\u043e\u0435 \u0432\u0440\u0435\u043c\u044f \u0434\u043b\u044f \u0447\u0442\u0435\u043d\u0438\u044f\" \/>\n\t<meta name=\"twitter:data1\" content=\"1 \u043c\u0438\u043d\u0443\u0442\u0430\" \/>\n<script type=\"application\/ld+json\" class=\"yoast-schema-graph\">{\"@context\":\"https:\\\/\\\/schema.org\",\"@graph\":[{\"@type\":\"WebPage\",\"@id\":\"https:\\\/\\\/www.elmedanotenerife.es\\\/ru\\\/profesionales\\\/alvarez-abogados-tenerife\\\/\",\"url\":\"https:\\\/\\\/www.elmedanotenerife.es\\\/ru\\\/profesionales\\\/alvarez-abogados-tenerife\\\/\",\"name\":\"Alvarez Abogados Tenerife - El M\u00e9dano Tenerife\",\"isPartOf\":{\"@id\":\"https:\\\/\\\/www.elmedanotenerife.es\\\/ru\\\/#website\"},\"primaryImageOfPage\":{\"@id\":\"https:\\\/\\\/www.elmedanotenerife.es\\\/ru\\\/profesionales\\\/alvarez-abogados-tenerife\\\/#primaryimage\"},\"image\":{\"@id\":\"https:\\\/\\\/www.elmedanotenerife.es\\\/ru\\\/profesionales\\\/alvarez-abogados-tenerife\\\/#primaryimage\"},\"thumbnailUrl\":\"https:\\\/\\\/www.elmedanotenerife.es\\\/wp-content\\\/uploads\\\/2021\\\/08\\\/alvarez-abogados-tenerife-facebook.png\",\"datePublished\":\"2019-10-29T11:25:48+00:00\",\"dateModified\":\"2025-02-28T15:31:12+00:00\",\"breadcrumb\":{\"@id\":\"https:\\\/\\\/www.elmedanotenerife.es\\\/ru\\\/profesionales\\\/alvarez-abogados-tenerife\\\/#breadcrumb\"},\"inLanguage\":\"ru-RU\",\"potentialAction\":[{\"@type\":\"ReadAction\",\"target\":[\"https:\\\/\\\/www.elmedanotenerife.es\\\/ru\\\/profesionales\\\/alvarez-abogados-tenerife\\\/\"]}]},{\"@type\":\"ImageObject\",\"inLanguage\":\"ru-RU\",\"@id\":\"https:\\\/\\\/www.elmedanotenerife.es\\\/ru\\\/profesionales\\\/alvarez-abogados-tenerife\\\/#primaryimage\",\"url\":\"https:\\\/\\\/www.elmedanotenerife.es\\\/wp-content\\\/uploads\\\/2021\\\/08\\\/alvarez-abogados-tenerife-facebook.png\",\"contentUrl\":\"https:\\\/\\\/www.elmedanotenerife.es\\\/wp-content\\\/uploads\\\/2021\\\/08\\\/alvarez-abogados-tenerife-facebook.png\",\"width\":820,\"height\":462},{\"@type\":\"BreadcrumbList\",\"@id\":\"https:\\\/\\\/www.elmedanotenerife.es\\\/ru\\\/profesionales\\\/alvarez-abogados-tenerife\\\/#breadcrumb\",\"itemListElement\":[{\"@type\":\"ListItem\",\"position\":1,\"name\":\"Portada\",\"item\":\"https:\\\/\\\/www.elmedanotenerife.es\\\/ru\\\/\"},{\"@type\":\"ListItem\",\"position\":2,\"name\":\"Profesionales\",\"item\":\"https:\\\/\\\/www.elmedanotenerife.es\\\/ru\\\/profesionales\\\/\"},{\"@type\":\"ListItem\",\"position\":3,\"name\":\"Alvarez Abogados Tenerife\"}]},{\"@type\":\"WebSite\",\"@id\":\"https:\\\/\\\/www.elmedanotenerife.es\\\/ru\\\/#website\",\"url\":\"https:\\\/\\\/www.elmedanotenerife.es\\\/ru\\\/\",\"name\":\"El M\u00e9dano Tenerife\",\"description\":\"\",\"potentialAction\":[{\"@type\":\"SearchAction\",\"target\":{\"@type\":\"EntryPoint\",\"urlTemplate\":\"https:\\\/\\\/www.elmedanotenerife.es\\\/ru\\\/?s={search_term_string}\"},\"query-input\":{\"@type\":\"PropertyValueSpecification\",\"valueRequired\":true,\"valueName\":\"search_term_string\"}}],\"inLanguage\":\"ru-RU\"}]}<\/script>\n<!-- \/ Yoast SEO plugin. -->","yoast_head_json":{"title":"Alvarez Abogados Tenerife - El M\u00e9dano Tenerife","robots":{"index":"index","follow":"follow","max-snippet":"max-snippet:-1","max-image-preview":"max-image-preview:large","max-video-preview":"max-video-preview:-1"},"canonical":"https:\/\/www.elmedanotenerife.es\/ru\/profesionales\/alvarez-abogados-tenerife\/","og_locale":"ru_RU","og_type":"article","og_title":"Alvarez Abogados Tenerife - El M\u00e9dano Tenerife","og_description":"Alvarez Abogados Tenerife. Despacho Abogados Tenerife Sur\u00a0fundado en\u00a01954. El\u00a0bufete de abogados\u00a0cuenta con los abogados\u00a0Manuel Antonio Alvarez Hern\u00e1ndez\u00a0y\u00a0Alberto Alvarez Hern\u00e1ndez con&hellip;","og_url":"https:\/\/www.elmedanotenerife.es\/ru\/profesionales\/alvarez-abogados-tenerife\/","og_site_name":"El M\u00e9dano Tenerife","article_modified_time":"2025-02-28T15:31:12+00:00","og_image":[{"width":820,"height":462,"url":"https:\/\/www.elmedanotenerife.es\/wp-content\/uploads\/2021\/08\/alvarez-abogados-tenerife-facebook.png","type":"image\/png"}],"twitter_card":"summary_large_image","twitter_misc":{"\u041f\u0440\u0438\u043c\u0435\u0440\u043d\u043e\u0435 \u0432\u0440\u0435\u043c\u044f \u0434\u043b\u044f \u0447\u0442\u0435\u043d\u0438\u044f":"1 \u043c\u0438\u043d\u0443\u0442\u0430"},"schema":{"@context":"https:\/\/schema.org","@graph":[{"@type":"WebPage","@id":"https:\/\/www.elmedanotenerife.es\/ru\/profesionales\/alvarez-abogados-tenerife\/","url":"https:\/\/www.elmedanotenerife.es\/ru\/profesionales\/alvarez-abogados-tenerife\/","name":"Alvarez Abogados Tenerife - El M\u00e9dano Tenerife","isPartOf":{"@id":"https:\/\/www.elmedanotenerife.es\/ru\/#website"},"primaryImageOfPage":{"@id":"https:\/\/www.elmedanotenerife.es\/ru\/profesionales\/alvarez-abogados-tenerife\/#primaryimage"},"image":{"@id":"https:\/\/www.elmedanotenerife.es\/ru\/profesionales\/alvarez-abogados-tenerife\/#primaryimage"},"thumbnailUrl":"https:\/\/www.elmedanotenerife.es\/wp-content\/uploads\/2021\/08\/alvarez-abogados-tenerife-facebook.png","datePublished":"2019-10-29T11:25:48+00:00","dateModified":"2025-02-28T15:31:12+00:00","breadcrumb":{"@id":"https:\/\/www.elmedanotenerife.es\/ru\/profesionales\/alvarez-abogados-tenerife\/#breadcrumb"},"inLanguage":"ru-RU","potentialAction":[{"@type":"ReadAction","target":["https:\/\/www.elmedanotenerife.es\/ru\/profesionales\/alvarez-abogados-tenerife\/"]}]},{"@type":"ImageObject","inLanguage":"ru-RU","@id":"https:\/\/www.elmedanotenerife.es\/ru\/profesionales\/alvarez-abogados-tenerife\/#primaryimage","url":"https:\/\/www.elmedanotenerife.es\/wp-content\/uploads\/2021\/08\/alvarez-abogados-tenerife-facebook.png","contentUrl":"https:\/\/www.elmedanotenerife.es\/wp-content\/uploads\/2021\/08\/alvarez-abogados-tenerife-facebook.png","width":820,"height":462},{"@type":"BreadcrumbList","@id":"https:\/\/www.elmedanotenerife.es\/ru\/profesionales\/alvarez-abogados-tenerife\/#breadcrumb","itemListElement":[{"@type":"ListItem","position":1,"name":"Portada","item":"https:\/\/www.elmedanotenerife.es\/ru\/"},{"@type":"ListItem","position":2,"name":"Profesionales","item":"https:\/\/www.elmedanotenerife.es\/ru\/profesionales\/"},{"@type":"ListItem","position":3,"name":"Alvarez Abogados Tenerife"}]},{"@type":"WebSite","@id":"https:\/\/www.elmedanotenerife.es\/ru\/#website","url":"https:\/\/www.elmedanotenerife.es\/ru\/","name":"El M\u00e9dano Tenerife","description":"","potentialAction":[{"@type":"SearchAction","target":{"@type":"EntryPoint","urlTemplate":"https:\/\/www.elmedanotenerife.es\/ru\/?s={search_term_string}"},"query-input":{"@type":"PropertyValueSpecification","valueRequired":true,"valueName":"search_term_string"}}],"inLanguage":"ru-RU"}]}},"cmb2":{"listing_profesionales_general":{"listing_title":"Alvarez Abogados Tenerife","listing_description":"<div id=\"pg-5421-0\" class=\"panel-grid panel-has-style\">\r\n<div class=\"panel-row-style panel-row-style-for-5421-0\">\r\n<div id=\"pgc-5421-0-0\" class=\"panel-grid-cell\">\r\n<div id=\"panel-5421-0-0-0\" class=\"so-panel widget widget_sow-headline panel-first-child panel-last-child\" data-index=\"0\">\r\n<div class=\"so-widget-sow-headline so-widget-sow-headline-default-6f5ce19f40be so-widget-fittext-wrapper\" data-fit-text-compressor=\"0.85\">\r\n<div class=\"sow-headline-container \">\r\n<p class=\"sow-sub-headline\" style=\"text-align: justify\"><strong><a href=\"https:\/\/alvarezabogadostenerife.com\">Alvarez Abogados Tenerife<\/a><\/strong>. Despacho <strong>Abogados Tenerife Sur<\/strong>\u00a0fundado en\u00a01954. El\u00a0bufete de abogados\u00a0cuenta con los abogados\u00a0<strong>Manuel Antonio Alvarez Hern\u00e1ndez<\/strong>\u00a0y\u00a0<strong>Alberto Alvarez Hern\u00e1ndez<\/strong> con amplia experiencia y formaci\u00f3n en Derecho Civil, Penal, Familia, Herencias, Desahucios, Inmobiliario, Seguros, Contractual, Registral, Hipotecario, Notarial, Procesal, Litigios, Bancario y Reclamaci\u00f3n de Deudas. El <a href=\"https:\/\/alvarezabogadostenerife.com\/despacho-abogados\/\"><strong>despacho de abogados en Tenerife<\/strong><\/a>, en el desarrollo de su actividad, atiende las diferentes materias legales y etapas procesales que pudieran surgir, ofreciendo un servicio jur\u00eddico completo y personalizado en la isla de\u00a0Tenerife.<\/p>\r\n&nbsp;\r\n\r\n<\/div>\r\n<\/div>\r\n<\/div>\r\n<\/div>\r\n<\/div>\r\n<\/div>\r\n<div id=\"pg-5421-1\" class=\"panel-grid panel-has-style\">\r\n<div class=\"panel-row-style panel-row-style-for-5421-1\">\r\n<div id=\"panel-5421-1-0-0\" class=\"so-panel widget widget_vr_text aio-widget-text panel-first-child panel-last-child\" style=\"text-align: center\" data-index=\"1\"><article class=\"text clearfix \"><img src=\"https:\/\/n8h5n2n7.rocketcdn.me\/wp-content\/uploads\/2016\/11\/alvarez-abogados-tenerife-logo.png\" alt=\"logo\" width=\"231\" height=\"89\" \/>\u00a0<\/article><\/div>\r\n<div id=\"pgc-5421-1-1\" class=\"panel-grid-cell\">\r\n<div class=\"so-widget-sow-headline so-widget-sow-headline-default-b2e28e31be9e so-widget-fittext-wrapper\" style=\"text-align: justify\" data-fit-text-compressor=\"0.85\">\r\n<div class=\"sow-headline-container \">\r\n<p class=\"sow-headline\" style=\"text-align: center\"><strong>\u00c1reas del Derecho:<\/strong><\/p>\r\n<p class=\"sow-sub-headline\"><strong>Derecho Civil<\/strong><\/p>\r\n\r\n<\/div>\r\n<\/div>\r\n<div id=\"panel-5421-1-1-1\" class=\"so-panel widget widget_vr_feature aio-widget-features panel-last-child\" data-index=\"3\">\r\n<div class=\"panel-widget-style panel-widget-style-for-5421-1-1-1\">\r\n<div class=\"row row-equal fx\">\r\n<p style=\"text-align: justify\">Abogados Civilistas en Tenerife, expertos en todas las ramas del Derecho Civil. Divorcios, accidentes de tr\u00e1fico, separaciones, desahucios, reclamaciones de cantidad, herencias, responsabilidad civil, contratos, indemnizaciones, derecho familia, testamentos, convenio regulador,\u2026<\/p>\r\n\r\n<div class=\"feature-head\" style=\"text-align: justify\"><strong>Derecho Penal<\/strong><\/div>\r\n<p style=\"text-align: justify\">Abogados Penalistas en Tenerife, especialistas en todos los delitos e infracciones del Derecho Penal. Incluso los m\u00e1s graves. Alcoholemia, tr\u00e1fico, negligencias m\u00e9dicas, lesiones, homicidio, estafas, robos, delitos inform\u00e1ticos, violencia de g\u00e9nero, hurtos, delito fiscal, juicios r\u00e1pidos,\u2026<\/p>\r\n\r\n<div class=\"feature-head\" style=\"text-align: justify\"><strong>Derecho Procesal<\/strong><\/div>\r\n<p style=\"text-align: justify\">Abogados Procesalistas en Tenerife, con experiencia en litigios relativos a Civil, Penal y Bancario. Responsabilidad contractual, procesos ejecuci\u00f3n de sentencias, juicios ejecutivos y hipotecarios, medidas cautelares, procesos monitorios, procesos derecho sucesorio o testamentario,...<\/p>\r\n<p style=\"text-align: justify\"><strong>Derecho Bancario<\/strong><\/p>\r\n<p style=\"text-align: justify\">Abogados especialistas en Derecho Bancario en Tenerife. Swaps, cl\u00e1usulas suelo, cl\u00e1usulas abusivas, defensa ejecuciones hipotecarias, daci\u00f3n en pago, renegociaci\u00f3n deudas, pr\u00e9stamos hipotecarios, IRPH, arrendamientos financieros, gastos hipoteca, fondos y dep\u00f3sitos estructurados,...<\/p>\r\nConozca el resto de nuestras <a href=\"https:\/\/alvarezabogadostenerife.com\/areas-derecho\/\" target=\"_blank\" rel=\"noopener\"><strong>\u00c1reas del Derecho<\/strong><\/a>\r\n\r\n<\/div>\r\n<\/div>\r\n<\/div>\r\n<\/div>\r\n<\/div>\r\n<\/div>","listing_featured_image":"https:\/\/www.elmedanotenerife.es\/wp-content\/uploads\/2021\/08\/alvarez-abogados-tenerife-facebook.png","listing_featured_image_id":"13865"},"listing_profesionales_branding":{"listing_slogan":"Abogados en Tenerife desde 1954","listing_brand_color":"","listing_logo":"https:\/\/www.elmedanotenerife.es\/wp-content\/uploads\/2019\/10\/alvarez-abogados-tenerife-logo-1.png","listing_logo_id":"13870"},"listing_profesionales_banner":{"listing_banner":"banner_featured_image","listing_banner_map_zoom":"12","listing_banner_map_type":"SATELLITE","listing_banner_map_marker":""},"listing_profesionales_listing_category":{"listing_listing_category":["abogados","asesorias"]},"listing_profesionales_location":{"listing_locations":["el-medano"],"listing_map_location":{"address":"Alvarez Abogados Tenerife, El M\u00e9dano, Espa\u00f1a","latitude":"28.0459567","longitude":"-16.538826500000027"},"listing_map_location_polygon":"","listing_street_view":"on","listing_street_view_location":{"latitude":"28.045988259713","longitude":"-16.538812298003","zoom":"1","heading":"342","pitch":"25"},"listing_inside_view":"on","listing_inside_view_location":{"latitude":"28.045988259713","longitude":"-16.538812298003","zoom":"1","heading":"342","pitch":"25"}}},"_links":{"self":[{"href":"https:\/\/www.elmedanotenerife.es\/ru\/wp-json\/wp\/v2\/profesionales\/9383","targetHints":{"allow":["GET"]}}],"collection":[{"href":"https:\/\/www.elmedanotenerife.es\/ru\/wp-json\/wp\/v2\/profesionales"}],"about":[{"href":"https:\/\/www.elmedanotenerife.es\/ru\/wp-json\/wp\/v2\/types\/profesionales"}],"author":[{"embeddable":true,"href":"https:\/\/www.elmedanotenerife.es\/ru\/wp-json\/wp\/v2\/users\/42"}],"replies":[{"embeddable":true,"href":"https:\/\/www.elmedanotenerife.es\/ru\/wp-json\/wp\/v2\/comments?post=9383"}],"wp:featuredmedia":[{"embeddable":true,"href":"https:\/\/www.elmedanotenerife.es\/ru\/wp-json\/wp\/v2\/media\/13865"}],"wp:attachment":[{"href":"https:\/\/www.elmedanotenerife.es\/ru\/wp-json\/wp\/v2\/media?parent=9383"}],"wp:term":[{"taxonomy":"locations","embeddable":true,"href":"https:\/\/www.elmedanotenerife.es\/ru\/wp-json\/wp\/v2\/locations?post=9383"},{"taxonomy":"listing_categories","embeddable":true,"href":"https:\/\/www.elmedanotenerife.es\/ru\/wp-json\/wp\/v2\/listing_categories?post=9383"}],"curies":[{"name":"wp","href":"https:\/\/api.w.org\/{rel}","templated":true}]}}